{"id":12907,"date":"2024-03-06T09:20:42","date_gmt":"2024-03-06T08:20:42","guid":{"rendered":"https:\/\/www.hotelaigle.it\/courmayeur\/sport-a-courmayeur\/velo-et-vtt-a-courmayeur\/"},"modified":"2024-03-06T09:20:44","modified_gmt":"2024-03-06T08:20:44","slug":"velo-et-vtt-a-courmayeur","status":"publish","type":"page","link":"https:\/\/www.hotelaigle.it\/fr\/courmayeur\/sport-a-courmayeur\/velo-et-vtt-a-courmayeur\/","title":{"rendered":"V\u00e9lo et VTT \u00e0 Courmayeur"},"content":{"rendered":"\t\t<div data-elementor-type=\"wp-page\" data-elementor-id=\"12907\" class=\"elementor elementor-12907 elementor-1843\">\n\t\t\t\t\t\t<section class=\"elementor-section elementor-top-section elementor-element elementor-element-6d59a1e4 elementor-section-stretched sezione-impact elementor-section-full_width elementor-section-content-middle elementor-section-height-default elementor-section-height-default\" data-id=\"6d59a1e4\" data-element_type=\"section\" data-e-type=\"section\" data-settings=\"{&quot;stretch_section&quot;:&quot;section-stretched&quot;}\">\n\t\t\t\t\t\t<div class=\"elementor-container elementor-column-gap-no\">\n\t\t\t\t\t<div class=\"elementor-column elementor-col-100 elementor-top-column elementor-element elementor-element-61ddf0d2\" data-id=\"61ddf0d2\" data-element_type=\"column\" data-e-type=\"column\">\n\t\t\t<div class=\"elementor-widget-wrap elementor-element-populated\">\n\t\t\t\t\t\t<div class=\"elementor-element elementor-element-11f1f8d2 text-impact elementor-widget elementor-widget-text-editor\" data-id=\"11f1f8d2\" data-element_type=\"widget\" data-e-type=\"widget\" data-widget_type=\"text-editor.default\">\n\t\t\t\t<div class=\"elementor-widget-container\">\n\t\t\t\t\t\t\t\t\t<p>La randonn\u00e9e, l&rsquo;alpinisme et le ski ont toujours \u00e9t\u00e9 les activit\u00e9s sportives les plus populaires \u00e0 Courmayeur. Cependant, ces derni\u00e8res ann\u00e9es, le nombre de ceux qui choisissent Courmayeur pour donner libre cours \u00e0 leur passion pour le cyclisme a consid\u00e9rablement augment\u00e9.<br \/>\nLa morphologie du territoire et la situation climatique cr\u00e9ent des conditions id\u00e9ales aussi bien pour le cyclisme sur route classique que, surtout, pour le VTT.<\/p>\n\t\t\t\t\t\t\t\t<\/div>\n\t\t\t\t<\/div>\n\t\t\t\t\t<\/div>\n\t\t<\/div>\n\t\t\t\t\t<\/div>\n\t\t<\/section>\n\t\t\t\t<section class=\"elementor-section elementor-top-section elementor-element elementor-element-6d3f6ae3 elementor-section-full_width sezione-normal elementor-section-stretched elementor-section-height-default elementor-section-height-default\" data-id=\"6d3f6ae3\" data-element_type=\"section\" data-e-type=\"section\" data-settings=\"{&quot;background_background&quot;:&quot;classic&quot;,&quot;stretch_section&quot;:&quot;section-stretched&quot;}\">\n\t\t\t\t\t\t<div class=\"elementor-container elementor-column-gap-no\">\n\t\t\t\t\t<div class=\"elementor-column elementor-col-100 elementor-top-column elementor-element elementor-element-5104f34f column-left\" data-id=\"5104f34f\" data-element_type=\"column\" data-e-type=\"column\">\n\t\t\t<div class=\"elementor-widget-wrap elementor-element-populated\">\n\t\t\t\t\t\t<div class=\"elementor-element elementor-element-150666e8 text-normal elementor-widget elementor-widget-text-editor\" data-id=\"150666e8\" data-element_type=\"widget\" data-e-type=\"widget\" data-widget_type=\"text-editor.default\">\n\t\t\t\t<div class=\"elementor-widget-container\">\n\t\t\t\t\t\t\t\t\t<h3>Faire du v\u00e9lo \u00e0 Courmayeur et ses environs<\/h3>\n<figure id=\"attachment_1069\" aria-describedby=\"caption-attachment-1069\" style=\"width: 600px\" class=\"wp-caption alignleft\"><img fetchpriority=\"high\" decoding=\"async\" class=\"wp-image-1069\" title=\"Discesa in mountain bike dal Col Chavannes, in Val Veny.\" src=\"https:\/\/www.hotelaigle.it\/wp-content\/uploads\/2020\/09\/ciclista_val-veny_03-1024x768.jpg\" alt=\"Discesa in mountain bike dal Col Chavannes, in Val Veny.\" width=\"600\" height=\"450\" srcset=\"https:\/\/www.hotelaigle.it\/wp-content\/uploads\/2020\/09\/ciclista_val-veny_03-1024x768.jpg 1024w, https:\/\/www.hotelaigle.it\/wp-content\/uploads\/2020\/09\/ciclista_val-veny_03-300x225.jpg 300w, https:\/\/www.hotelaigle.it\/wp-content\/uploads\/2020\/09\/ciclista_val-veny_03-768x576.jpg 768w, https:\/\/www.hotelaigle.it\/wp-content\/uploads\/2020\/09\/ciclista_val-veny_03-1536x1152.jpg 1536w, https:\/\/www.hotelaigle.it\/wp-content\/uploads\/2020\/09\/ciclista_val-veny_03-333x250.jpg 333w, https:\/\/www.hotelaigle.it\/wp-content\/uploads\/2020\/09\/ciclista_val-veny_03.jpg 1600w\" sizes=\"(max-width: 600px) 100vw, 600px\" \/><figcaption id=\"caption-attachment-1069\" class=\"wp-caption-text\">Descente en VTT du Col Chavannes, dans le Val Veny<\/figcaption><\/figure>\n<p>Les vall\u00e9es de montagne ne constituent g\u00e9n\u00e9ralement pas un environnement id\u00e9al pour faire du v\u00e9lo en raison des ascensions fr\u00e9quentes et de l&rsquo;effort qu&rsquo;elles n\u00e9cessitent. Courmayeur et sa r\u00e9gion se caract\u00e9risent par une grande vari\u00e9t\u00e9 de routes qui permettent des itin\u00e9raires de toutes longueurs et difficult\u00e9s. Certains d&rsquo;entre eux ont des mont\u00e9es assez raides, mais beaucoup sont presque plats. C&rsquo;est le cas par exemple des routes qui traversent le Val Veny et le Val Ferret.<\/p>\n<p>Sans pr\u00e9judice des pr\u00e9f\u00e9rences personnelles de chacun, il est possible de d\u00e9finir quelques itin\u00e9raires de courte ou moyenne longueur, d&rsquo;une grande satisfaction technique et paysag\u00e8re.<br \/>\nL&rsquo;un des itin\u00e9raires les plus typiques est le circuit Courmayeur-Val Ferret-Courmayeur, qui part de la place de Courmayeur, atteint Arnouva, dans le Val Ferret, et revient, pour un total de pr\u00e8s de 30 km. Le circuit Courmayeur-Morgex-La Salle-Courmayeur est l\u00e9g\u00e8rement plus long, environ 31 km. Le circuit Courmayeur-Aoste-Courmayeur est \u00e9galement classique, long d&rsquo;environ 70 km.<br \/>\nCes itin\u00e9raires peuvent \u00eatre prolong\u00e9s en en combinant d&rsquo;autres dans le Val d&rsquo;Aoste. Par exemple, en descendant vers Pr\u00e9-Saint-Didier, vous pourrez remonter toute la vall\u00e9e de La Thuile jusqu&rsquo;au col Piccolo San Bernardo. Ou vous pouvez vivre l&rsquo;atmosph\u00e8re des grands exploits sportifs en descendant vers Morgex et en tentant la c\u00e9l\u00e8bre mont\u00e9e jusqu&rsquo;au\u00a0Colle San Carlo, \u00e9tape de diverses \u00e9ditions du Giro d&rsquo;Italia.<\/p>\n<h3>Faire du VTT \u00e0 Courmayeur<\/h3>\n<figure id=\"attachment_1077\" aria-describedby=\"caption-attachment-1077\" style=\"width: 600px\" class=\"wp-caption alignright\"><img decoding=\"async\" class=\"wp-image-1077\" title=\"Ultimo tratto di salita in mountain bike al Col du Malatra.\" src=\"https:\/\/www.hotelaigle.it\/wp-content\/uploads\/2020\/09\/ciclisti_col-malatra_01-1024x768.jpg\" alt=\"Ultimo tratto di salita in mountain bike al Col du Malatra.\" width=\"600\" height=\"450\" srcset=\"https:\/\/www.hotelaigle.it\/wp-content\/uploads\/2020\/09\/ciclisti_col-malatra_01-1024x768.jpg 1024w, https:\/\/www.hotelaigle.it\/wp-content\/uploads\/2020\/09\/ciclisti_col-malatra_01-300x225.jpg 300w, https:\/\/www.hotelaigle.it\/wp-content\/uploads\/2020\/09\/ciclisti_col-malatra_01-768x576.jpg 768w, https:\/\/www.hotelaigle.it\/wp-content\/uploads\/2020\/09\/ciclisti_col-malatra_01-1536x1152.jpg 1536w, https:\/\/www.hotelaigle.it\/wp-content\/uploads\/2020\/09\/ciclisti_col-malatra_01-333x250.jpg 333w, https:\/\/www.hotelaigle.it\/wp-content\/uploads\/2020\/09\/ciclisti_col-malatra_01.jpg 1600w\" sizes=\"(max-width: 600px) 100vw, 600px\" \/><figcaption id=\"caption-attachment-1077\" class=\"wp-caption-text\">Derni\u00e8re partie de la mont\u00e9e VTT jusqu&rsquo;au Col du Malatra<\/figcaption><\/figure>\n<p>Le territoire de Courmayeur, avec ses vall\u00e9es terminales et lat\u00e9rales, se pr\u00eate magnifiquement \u00e0 la pratique du VTT. Sentiers plats, sections en pente bien balis\u00e9es, travers\u00e9es c\u00f4ti\u00e8res, rampes cahoteuses, cr\u00e9ent ensemble une vari\u00e9t\u00e9 capable de satisfaire tous les besoins.<br \/>\nLes fonds de vall\u00e9es presque plats du Val Veny et surtout du Val Ferret permettent une infinit\u00e9 de solutions \u00e0 la port\u00e9e des d\u00e9butants. Par exemple, le circuit Zerotta-Visaille dans le Val Veny est tr\u00e8s appr\u00e9ci\u00e9, tout comme le circuit\u00a0Planpincieux-Arnouva dans le Val Ferret.<br \/>\nEt puis il y a les parcours plus exigeants, pour les passionn\u00e9s. Ils affrontent des mont\u00e9es et des descentes de difficult\u00e9 variable, le long du vaste r\u00e9seau de sentiers du territoire. Ils rejoignent les refuges et alpages de l&rsquo;autre c\u00f4t\u00e9 de la cha\u00eene du Mont Blanc. Parfois ils montent m\u00eame sur les plus hautes collines (Col du Grand Ferret, Col de la Seigne, Col Chavannes).<br \/>\nLes itin\u00e9raires qui suivent les sentiers du Tour du Mont Blanc sont tr\u00e8s appr\u00e9ci\u00e9s, car bien trac\u00e9s et peu difficiles. Un vrai plaisir est de parcourir \u00e0 v\u00e9lo les sentiers qui composent les fameux \u00ab balcons \u00bb. Par exemple, l&rsquo;itin\u00e9raire qui part du refuge Bonatti traverse la haute altitude jusqu&rsquo;au refuge Bertone. Ou encore, celle qui remonte du Lac Combal jusqu&rsquo;\u00e0 l&rsquo;Arp Vieille et traverse en altitude jusqu&rsquo;au Refuge Maison Vieille.<br \/>\nDe la r\u00e9alisation d&rsquo;une balade matinale au choix de rester plusieurs jours sur place, en passant la nuit en refuge, l&rsquo;\u00e9tape est notable, mais pas impossible. Et d\u2019ailleurs, nombreux sont ceux qui entreprennent des randonn\u00e9es en VTT sur plusieurs jours. Courmayeur en propose plusieurs. Le plus prestigieux est bien entendu le Tour du Mont Blanc, qui suit le trac\u00e9 de la c\u00e9l\u00e8bre randonn\u00e9e. Une autre satisfaction moins longue mais tout aussi grande est le \u00ab\u00a0Tour des refuges\u00a0\u00bb, qui se d\u00e9roule dans la r\u00e9gion de Courmayeur et, dans une petite partie, \u00e0 La Thuile.<br \/>\nLes amateurs de descente et de freeride pourront profiter du Bike Park\u00a0r\u00e9cemment inaugur\u00e9 \u00e0 La Thuile. Parmi les nombreuses \u00ab folies \u00bb possibles, on retient aussi ce qu&rsquo;on appelle \u00ab eli-bike \u00bb, c&rsquo;est-\u00e0-dire un vol en h\u00e9licopt\u00e8re jusqu&rsquo;au sommet d&rsquo;une montagne et une descente \u00e0 v\u00e9lo avec un accompagnateur.<\/p>\n\t\t\t\t\t\t\t\t<\/div>\n\t\t\t\t<\/div>\n\t\t\t\t\t<\/div>\n\t\t<\/div>\n\t\t\t\t\t<\/div>\n\t\t<\/section>\n\t\t\t\t<section class=\"elementor-section elementor-top-section elementor-element elementor-element-35f1550f elementor-section-stretched elementor-section-full_width sezione-image-large elementor-section-content-middle elementor-section-height-default elementor-section-height-default\" data-id=\"35f1550f\" data-element_type=\"section\" data-e-type=\"section\" data-settings=\"{&quot;stretch_section&quot;:&quot;section-stretched&quot;}\">\n\t\t\t\t\t\t<div class=\"elementor-container elementor-column-gap-no\">\n\t\t\t\t\t<div class=\"elementor-column elementor-col-100 elementor-top-column elementor-element elementor-element-3524fc12\" data-id=\"3524fc12\" data-element_type=\"column\" data-e-type=\"column\">\n\t\t\t<div class=\"elementor-widget-wrap elementor-element-populated\">\n\t\t\t\t\t\t<div class=\"elementor-element elementor-element-6a0d34de elementor-widget elementor-widget-image\" data-id=\"6a0d34de\" data-element_type=\"widget\" data-e-type=\"widget\" data-widget_type=\"image.default\">\n\t\t\t\t<div class=\"elementor-widget-container\">\n\t\t\t\t\t\t\t\t\t\t\t\t\t\t\t<img decoding=\"async\" width=\"1920\" height=\"800\" src=\"https:\/\/www.hotelaigle.it\/wp-content\/uploads\/2020\/09\/large_ciclismo_courmayeur_01.jpg\" class=\"attachment-full size-full wp-image-267\" alt=\"\" srcset=\"https:\/\/www.hotelaigle.it\/wp-content\/uploads\/2020\/09\/large_ciclismo_courmayeur_01.jpg 1920w, https:\/\/www.hotelaigle.it\/wp-content\/uploads\/2020\/09\/large_ciclismo_courmayeur_01-300x125.jpg 300w, https:\/\/www.hotelaigle.it\/wp-content\/uploads\/2020\/09\/large_ciclismo_courmayeur_01-1024x427.jpg 1024w, https:\/\/www.hotelaigle.it\/wp-content\/uploads\/2020\/09\/large_ciclismo_courmayeur_01-768x320.jpg 768w, https:\/\/www.hotelaigle.it\/wp-content\/uploads\/2020\/09\/large_ciclismo_courmayeur_01-1536x640.jpg 1536w, https:\/\/www.hotelaigle.it\/wp-content\/uploads\/2020\/09\/large_ciclismo_courmayeur_01-600x250.jpg 600w\" sizes=\"(max-width: 1920px) 100vw, 1920px\" \/>\t\t\t\t\t\t\t\t\t\t\t\t\t\t\t<\/div>\n\t\t\t\t<\/div>\n\t\t\t\t\t<\/div>\n\t\t<\/div>\n\t\t\t\t\t<\/div>\n\t\t<\/section>\n\t\t\t\t<section class=\"elementor-section elementor-top-section elementor-element elementor-element-1287354a elementor-section-full_width sezione-normal elementor-section-stretched elementor-section-height-default elementor-section-height-default\" data-id=\"1287354a\" data-element_type=\"section\" data-e-type=\"section\" data-settings=\"{&quot;background_background&quot;:&quot;classic&quot;,&quot;stretch_section&quot;:&quot;section-stretched&quot;}\">\n\t\t\t\t\t\t<div class=\"elementor-container elementor-column-gap-no\">\n\t\t\t\t\t<div class=\"elementor-column elementor-col-100 elementor-top-column elementor-element elementor-element-3baa6287 column-left\" data-id=\"3baa6287\" data-element_type=\"column\" data-e-type=\"column\">\n\t\t\t<div class=\"elementor-widget-wrap elementor-element-populated\">\n\t\t\t\t\t\t<div class=\"elementor-element elementor-element-5bef60fe text-normal elementor-widget elementor-widget-text-editor\" data-id=\"5bef60fe\" data-element_type=\"widget\" data-e-type=\"widget\" data-widget_type=\"text-editor.default\">\n\t\t\t\t<div class=\"elementor-widget-container\">\n\t\t\t\t\t\t\t\t\t<h3>Associations et stages VTT<\/h3>\n<figure id=\"attachment_1099\" aria-describedby=\"caption-attachment-1099\" style=\"width: 600px\" class=\"wp-caption alignleft\"><img loading=\"lazy\" decoding=\"async\" class=\"wp-image-1099\" title=\"Biker in partenza dall\u2019Hotel Aigle.\" src=\"https:\/\/www.hotelaigle.it\/wp-content\/uploads\/2020\/09\/ciclisti_hotel-aigle_02-1024x768.jpg\" alt=\"Biker in partenza dall\u2019Hotel Aigle.\" width=\"600\" height=\"450\" srcset=\"https:\/\/www.hotelaigle.it\/wp-content\/uploads\/2020\/09\/ciclisti_hotel-aigle_02-1024x768.jpg 1024w, https:\/\/www.hotelaigle.it\/wp-content\/uploads\/2020\/09\/ciclisti_hotel-aigle_02-300x225.jpg 300w, https:\/\/www.hotelaigle.it\/wp-content\/uploads\/2020\/09\/ciclisti_hotel-aigle_02-768x576.jpg 768w, https:\/\/www.hotelaigle.it\/wp-content\/uploads\/2020\/09\/ciclisti_hotel-aigle_02-1536x1152.jpg 1536w, https:\/\/www.hotelaigle.it\/wp-content\/uploads\/2020\/09\/ciclisti_hotel-aigle_02-333x250.jpg 333w, https:\/\/www.hotelaigle.it\/wp-content\/uploads\/2020\/09\/ciclisti_hotel-aigle_02.jpg 1600w\" sizes=\"(max-width: 600px) 100vw, 600px\" \/><figcaption id=\"caption-attachment-1099\" class=\"wp-caption-text\">Les cyclistes au d\u00e9part de l&rsquo;H\u00f4tel Aigle<\/figcaption><\/figure>\n<p>L&rsquo;ad\u00e9quation de Courmayeur et de ses vall\u00e9es \u00e0 la pratique du VTT n&rsquo;est plus \u00e0 d\u00e9montrer. Il en r\u00e9sulte une grande ferveur d\u2019initiatives.<br \/>\nCes derni\u00e8res ann\u00e9es, des associations de passionn\u00e9s, des \u00e9coles de VTT et divers types d&rsquo;organismes ont vu le jour au service des passionn\u00e9s et des d\u00e9butants. Parmi les plus actifs figurent Mont Blanc Aventure et Bike And Mountain. Tous deux proposent des cours th\u00e9oriques et pratiques sur l&rsquo;utilisation du VTT, des visites guid\u00e9es et des circuits de plusieurs jours avec nuit\u00e9es en refuge. Mont Blanc Aventure est \u00e9galement promoteur de \u00ab Safety Bike \u00bb, un projet qui vise \u00e0 sensibiliser \u00e0 la probl\u00e9matique de la s\u00e9curit\u00e9 en VTT.<br \/>\nLe Bike Club Val d&rsquo;Aoste est n\u00e9 pour r\u00e9pondre aux attentes des passionn\u00e9s de cyclisme. Parmi les diff\u00e9rentes initiatives, elle a dress\u00e9 une liste des \u00ab h\u00f4tels v\u00e9lo \u00bb, des h\u00f4tels \u00e9quip\u00e9s pour accueillir les cyclistes et leur permettre d&rsquo;effectuer des op\u00e9rations d&rsquo;entretien sur le v\u00e9hicule. Dans la r\u00e9gion de Courmayeur, il y en a deux, dont l&rsquo;H\u00f4tel Aigle.<\/p>\n<h3>Achat et location de mat\u00e9riel<\/h3>\n<figure id=\"attachment_1083\" aria-describedby=\"caption-attachment-1083\" style=\"width: 600px\" class=\"wp-caption alignright\"><img loading=\"lazy\" decoding=\"async\" class=\"wp-image-1083\" title=\"Ciclista con bici \" src=\"https:\/\/www.hotelaigle.it\/wp-content\/uploads\/2020\/09\/ciclista_vallon-malatra_01-1024x768.jpg\" alt=\"Ciclista con bici \" width=\"600\" height=\"450\" srcset=\"https:\/\/www.hotelaigle.it\/wp-content\/uploads\/2020\/09\/ciclista_vallon-malatra_01-1024x768.jpg 1024w, https:\/\/www.hotelaigle.it\/wp-content\/uploads\/2020\/09\/ciclista_vallon-malatra_01-300x225.jpg 300w, https:\/\/www.hotelaigle.it\/wp-content\/uploads\/2020\/09\/ciclista_vallon-malatra_01-768x576.jpg 768w, https:\/\/www.hotelaigle.it\/wp-content\/uploads\/2020\/09\/ciclista_vallon-malatra_01-1536x1152.jpg 1536w, https:\/\/www.hotelaigle.it\/wp-content\/uploads\/2020\/09\/ciclista_vallon-malatra_01-333x250.jpg 333w, https:\/\/www.hotelaigle.it\/wp-content\/uploads\/2020\/09\/ciclista_vallon-malatra_01.jpg 1600w\" sizes=\"(max-width: 600px) 100vw, 600px\" \/><figcaption id=\"caption-attachment-1083\" class=\"wp-caption-text\">Cycliste avec v\u00e9lo \u00ab\u00a0assist\u00e9\u00a0\u00bb, descente du Col de Malatra.<\/figcaption><\/figure>\n<p>Comme pour le ski et l&rsquo;alpinisme, m\u00eame dans le cas du VTT, le manque d&rsquo;\u00e9quipement est le moindre des probl\u00e8mes.<br \/>\nA Courmayeur et Planpinciex (dans le Val Ferret), vous pouvez tout louer : v\u00e9los, v\u00eatements, casque. De plus, les points de location peuvent fournir des informations pour r\u00e9server des cours de VTT ou encore des guides pour des itin\u00e9raires exigeants.<\/p>\n\t\t\t\t\t\t\t\t<\/div>\n\t\t\t\t<\/div>\n\t\t\t\t\t<\/div>\n\t\t<\/div>\n\t\t\t\t\t<\/div>\n\t\t<\/section>\n\t\t\t\t<section class=\"elementor-section elementor-top-section elementor-element elementor-element-65585a72 sezione-image-gallery elementor-section-stretched elementor-section-boxed elementor-section-height-default elementor-section-height-default\" data-id=\"65585a72\" data-element_type=\"section\" data-e-type=\"section\" data-settings=\"{&quot;stretch_section&quot;:&quot;section-stretched&quot;}\">\n\t\t\t\t\t\t<div class=\"elementor-container elementor-column-gap-no\">\n\t\t\t\t\t<div class=\"elementor-column elementor-col-100 elementor-top-column elementor-element elementor-element-7da22d1b\" data-id=\"7da22d1b\" data-element_type=\"column\" data-e-type=\"column\">\n\t\t\t<div class=\"elementor-widget-wrap elementor-element-populated\">\n\t\t\t\t\t\t<div class=\"elementor-element elementor-element-23ba676e text-normal elementor-widget elementor-widget-heading\" data-id=\"23ba676e\" data-element_type=\"widget\" data-e-type=\"widget\" data-widget_type=\"heading.default\">\n\t\t\t\t<div class=\"elementor-widget-container\">\n\t\t\t\t\t<h3 class=\"elementor-heading-title elementor-size-default\">Images sur le cyclisme et le VTT \u00e0 Courmayeur<\/h3>\t\t\t\t<\/div>\n\t\t\t\t<\/div>\n\t\t\t\t\t<\/div>\n\t\t<\/div>\n\t\t\t\t\t<\/div>\n\t\t<\/section>\n\t\t\t\t<section class=\"elementor-section elementor-top-section elementor-element elementor-element-7741a1da elementor-section-full_width sezione-booking elementor-section-stretched elementor-section-height-default elementor-section-height-default\" data-id=\"7741a1da\" data-element_type=\"section\" data-e-type=\"section\" data-settings=\"{&quot;background_background&quot;:&quot;classic&quot;,&quot;stretch_section&quot;:&quot;section-stretched&quot;}\">\n\t\t\t\t\t\t<div class=\"elementor-container elementor-column-gap-no\">\n\t\t\t\t\t<div class=\"elementor-column elementor-col-50 elementor-top-column elementor-element elementor-element-1f54883e column-left\" data-id=\"1f54883e\" data-element_type=\"column\" data-e-type=\"column\">\n\t\t\t<div class=\"elementor-widget-wrap elementor-element-populated\">\n\t\t\t\t\t\t<div class=\"elementor-element elementor-element-7fa673b6 text-normal elementor-widget elementor-widget-text-editor\" data-id=\"7fa673b6\" data-element_type=\"widget\" data-e-type=\"widget\" data-widget_type=\"text-editor.default\">\n\t\t\t\t<div class=\"elementor-widget-container\">\n\t\t\t\t\t\t\t\t\t<p>Comme pour d&rsquo;autres activit\u00e9s sportives, la situation de l&rsquo;H\u00f4tel Aigle est id\u00e9ale pour faire du v\u00e9lo.<\/p>\n<p>Les amateurs de v\u00e9lo de route pourront se diriger vers le Val Veny et le Val Ferret d\u00e8s la sortie de l&rsquo;h\u00f4tel. Sinon, vous pouvez descendre en aval et suivre des itin\u00e9raires plus longs, vers Morgex, Aoste, La Thuile ou Colle San Carlo.<\/p>\n<p>Les v\u00e9t\u00e9tistes n&rsquo;ont que l&#8217;embarras du choix. En sortant de l&rsquo;H\u00f4tel, ils pourront rejoindre le d\u00e9but du Val Veny et du Val Ferret, o\u00f9 les attendent une myriade d&rsquo;alternatives. P\u00e9dalez vers les fonds de vall\u00e9es. Randonn\u00e9es en mont\u00e9e jusqu&rsquo;aux refuges. Des tron\u00e7ons mixtes, en partie p\u00e9dalant et en partie poussant, dans les magnifiques vall\u00e9es lat\u00e9rales, voire jusqu&rsquo;aux hautes collines.<\/p>\n<p>L&rsquo;usage du VTT n&rsquo;est cependant pas r\u00e9serv\u00e9 aux soi-disant \u00ab passionn\u00e9s \u00bb. En effet, des itin\u00e9raires simples partent \u00e9galement de l&rsquo;H\u00f4tel Aigle, \u00e0 la port\u00e9e de ceux qui l&rsquo;utilisent peu ou qui ne l&rsquo;ont jamais essay\u00e9.<\/p>\n<p>L&rsquo;attention que nous accordons \u00e0 l&rsquo;H\u00f4tel Aigle \u00e0 la passion du cyclisme se manifeste par de nombreuses choses. Il suffit de dire que le niveau que nous garantissons dans ce domaine nous a valu la qualification de \u00ab\u00a0bike h\u00f4tel\u00a0\u00bb, un titre sp\u00e9cial attribu\u00e9 par le Club Bike Valle d&rsquo;Aosta.<br \/>\nPar exemple, pour les clients qui ont leur propre v\u00e9lo avec eux, nous mettons \u00e0 disposition un local sp\u00e9cial o\u00f9 ils peuvent le ranger. \u00c0 l\u2019int\u00e9rieur, vous trouverez du mat\u00e9riel pour l\u2019entretien et les r\u00e9parations d\u2019urgence.<br \/>\nEn revanche, si vous ne disposez pas de votre propre v\u00e9hicule, il existe de nombreux endroits pour en louer un et nous pouvons tous les indiquer.<\/p>\n\t\t\t\t\t\t\t\t<\/div>\n\t\t\t\t<\/div>\n\t\t\t\t\t<\/div>\n\t\t<\/div>\n\t\t\t\t<div class=\"elementor-column elementor-col-50 elementor-top-column elementor-element elementor-element-3d9ae29e\" data-id=\"3d9ae29e\" data-element_type=\"column\" data-e-type=\"column\">\n\t\t\t<div class=\"elementor-widget-wrap elementor-element-populated\">\n\t\t\t\t\t\t<div class=\"elementor-element elementor-element-1553a785 text-normal elementor-widget elementor-widget-heading\" data-id=\"1553a785\" data-element_type=\"widget\" data-e-type=\"widget\" data-widget_type=\"heading.default\">\n\t\t\t\t<div class=\"elementor-widget-container\">\n\t\t\t\t\t<h3 class=\"elementor-heading-title elementor-size-default\">R\u00e9server<\/h3>\t\t\t\t<\/div>\n\t\t\t\t<\/div>\n\t\t\t\t<div class=\"elementor-element elementor-element-47e253a8 text-normal elementor-widget elementor-widget-text-editor\" data-id=\"47e253a8\" data-element_type=\"widget\" data-e-type=\"widget\" data-widget_type=\"text-editor.default\">\n\t\t\t\t<div class=\"elementor-widget-container\">\n\t\t\t\t\t\t\t\t\t<p>En r\u00e9servant en ligne sur notre site, vous avez la garantie du tarif le plus avantageux qui soit.<br \/>\nPour conna\u00eetre les tarifs exacts pour la p\u00e9riode souhait\u00e9e et r\u00e9server, vous avez deux possibilit\u00e9s :<\/p>\n\t\t\t\t\t\t\t\t<\/div>\n\t\t\t\t<\/div>\n\t\t\t\t<div class=\"elementor-element elementor-element-336f7c2e text-normal elementor-widget elementor-widget-text-editor\" data-id=\"336f7c2e\" data-element_type=\"widget\" data-e-type=\"widget\" data-widget_type=\"text-editor.default\">\n\t\t\t\t<div class=\"elementor-widget-container\">\n\t\t\t\t\t\t\t\t\t<p>cliquez sur le bouton ci-dessous et acc\u00e9dez \u00e0 notre syst\u00e8me de r\u00e9servation en ligne<\/p>\n\t\t\t\t\t\t\t\t<\/div>\n\t\t\t\t<\/div>\n\t\t\t\t<div class=\"elementor-element elementor-element-3e3e4a42 elementor-align-center elementor-widget__width-inherit elementor-widget elementor-widget-button\" data-id=\"3e3e4a42\" data-element_type=\"widget\" data-e-type=\"widget\" data-widget_type=\"button.default\">\n\t\t\t\t<div class=\"elementor-widget-container\">\n\t\t\t\t\t\t\t\t\t<div class=\"elementor-button-wrapper\">\n\t\t\t\t\t<a class=\"elementor-button elementor-button-link elementor-size-xl\" href=\"https:\/\/www.secure-reservation.cloud\/booking-engine\/?portal=hotelaigle-courmayeur&#038;lang=it\" target=\"_blank\" rel=\"nofollow\">\n\t\t\t\t\t\t<span class=\"elementor-button-content-wrapper\">\n\t\t\t\t\t\t\t\t\t<span class=\"elementor-button-text\">V\u00c9RIFIER LA DISPONIBILIT\u00c9 ET R\u00c9SERVER<\/span>\n\t\t\t\t\t<\/span>\n\t\t\t\t\t<\/a>\n\t\t\t\t<\/div>\n\t\t\t\t\t\t\t\t<\/div>\n\t\t\t\t<\/div>\n\t\t\t\t<div class=\"elementor-element elementor-element-10f6ffc0 text-normal elementor-widget elementor-widget-text-editor\" data-id=\"10f6ffc0\" data-element_type=\"widget\" data-e-type=\"widget\" data-widget_type=\"text-editor.default\">\n\t\t\t\t<div class=\"elementor-widget-container\">\n\t\t\t\t\t\t\t\t\t<p style=\"text-align: center;\">ou<\/p>\n<p style=\"text-align: center;\">remplissez le formulaire de r\u00e9servation suivant<\/p>\n\t\t\t\t\t\t\t\t<\/div>\n\t\t\t\t<\/div>\n\t\t\t\t<div class=\"elementor-element elementor-element-298a09b3 elementor-widget elementor-widget-shortcode\" data-id=\"298a09b3\" data-element_type=\"widget\" data-e-type=\"widget\" data-widget_type=\"shortcode.default\">\n\t\t\t\t<div class=\"elementor-widget-container\">\n\t\t\t\t\t\t\t<div class=\"elementor-shortcode\">\n<div class=\"wpcf7 no-js\" id=\"wpcf7-f15-o1\" lang=\"it-IT\" dir=\"ltr\" data-wpcf7-id=\"15\">\n<div class=\"screen-reader-response\"><p role=\"status\" aria-live=\"polite\" aria-atomic=\"true\"><\/p> <ul><\/ul><\/div>\n<form action=\"\/fr\/wp-json\/wp\/v2\/pages\/12907#wpcf7-f15-o1\" method=\"post\" class=\"wpcf7-form init\" aria-label=\"Modulo di contatto\" novalidate=\"novalidate\" data-status=\"init\">\n<fieldset class=\"hidden-fields-container\"><input type=\"hidden\" name=\"_wpcf7\" value=\"15\" \/><input type=\"hidden\" name=\"_wpcf7_version\" value=\"6.1.5\" \/><input type=\"hidden\" name=\"_wpcf7_locale\" value=\"it_IT\" \/><input type=\"hidden\" name=\"_wpcf7_unit_tag\" value=\"wpcf7-f15-o1\" \/><input type=\"hidden\" name=\"_wpcf7_container_post\" value=\"0\" \/><input type=\"hidden\" name=\"_wpcf7_posted_data_hash\" value=\"\" \/><input type=\"hidden\" name=\"_wpcf7_recaptcha_response\" value=\"\" \/>\n<\/fieldset>\n<p><label> Oggetto *<br \/>\n<span class=\"wpcf7-form-control-wrap\" data-name=\"your-subject\"><input size=\"40\" maxlength=\"400\" class=\"wpcf7-form-control wpcf7-text wpcf7-validates-as-required\" aria-required=\"true\" aria-invalid=\"false\" value=\"Prenotazione camera\" type=\"text\" name=\"your-subject\" \/><\/span> <\/label>\n<\/p>\n<p><label> Nome e cognome *:<br \/>\n<span class=\"wpcf7-form-control-wrap\" data-name=\"your-name\"><input size=\"40\" maxlength=\"400\" class=\"wpcf7-form-control wpcf7-text wpcf7-validates-as-required\" aria-required=\"true\" aria-invalid=\"false\" value=\"\" type=\"text\" name=\"your-name\" \/><\/span> <\/label>\n<\/p>\n<p><label> Email *:<br \/>\n<span class=\"wpcf7-form-control-wrap\" data-name=\"your-email\"><input size=\"40\" maxlength=\"400\" class=\"wpcf7-form-control wpcf7-text wpcf7-validates-as-required\" aria-required=\"true\" aria-invalid=\"false\" value=\"\" type=\"text\" name=\"your-email\" \/><\/span> <\/label>\n<\/p>\n<p><label> Telefono:<br \/>\n<span class=\"wpcf7-form-control-wrap\" data-name=\"your-phone\"><input size=\"40\" maxlength=\"400\" class=\"wpcf7-form-control wpcf7-tel wpcf7-text wpcf7-validates-as-tel\" aria-invalid=\"false\" value=\"\" type=\"tel\" name=\"your-phone\" \/><\/span> <\/label>\n<\/p>\n<p style=\"font-size: 12px;\">( Indicare il numero di telefono senza punti, trattini, parentesi o altro )\n<\/p>\n<p><label> Data di arrivo:<br \/>\n<span class=\"wpcf7-form-control-wrap\" data-name=\"check-in\"><input class=\"wpcf7-form-control wpcf7-date wpcf7-validates-as-date\" aria-invalid=\"false\" value=\"\" type=\"date\" name=\"check-in\" \/><\/span> <\/label>\n<\/p>\n<p><label> Data di partenza:<br \/>\n<span class=\"wpcf7-form-control-wrap\" data-name=\"check-out\"><input class=\"wpcf7-form-control wpcf7-date wpcf7-validates-as-date\" aria-invalid=\"false\" value=\"\" type=\"date\" name=\"check-out\" \/><\/span> <\/label>\n<\/p>\n<p><label> Numero persone:<br \/>\n<span class=\"wpcf7-form-control-wrap\" data-name=\"number-people\"><select class=\"wpcf7-form-control wpcf7-select\" aria-invalid=\"false\" name=\"number-people\"><option value=\"1\">1<\/option><option value=\"2\">2<\/option><option value=\"3\">3<\/option><option value=\"4\">4<\/option><option value=\"5\">5<\/option><option value=\"6\">6<\/option><option value=\"7\">7<\/option><option value=\"8\">8<\/option><option value=\"oltre\">oltre<\/option><\/select><\/span> <\/label>\n<\/p>\n<p><label> Numero camere:<br \/>\n<span class=\"wpcf7-form-control-wrap\" data-name=\"number-room\"><select class=\"wpcf7-form-control wpcf7-select\" aria-invalid=\"false\" name=\"number-room\"><option value=\"1\">1<\/option><option value=\"2\">2<\/option><option value=\"3\">3<\/option><option value=\"4\">4<\/option><\/select><\/span> <\/label>\n<\/p>\n<p><label> Note aggiuntive (eventuali):<br \/>\n<span class=\"wpcf7-form-control-wrap\" data-name=\"your-message\"><textarea cols=\"40\" rows=\"10\" maxlength=\"2000\" class=\"wpcf7-form-control wpcf7-textarea\" id=\"tuo-messaggio-textarea\" aria-invalid=\"false\" name=\"your-message\"><\/textarea><\/span> <\/label>\n<\/p>\n<p style=\"clear: both; padding: 20px 0;\">Acconsento al trattamento dei miei dati personali secondo le modalit\u00e0 indicate nella <a href=\"https:\/\/www.hotelaigle.it\/privacy-policy\/\" title=\"Privacy policy\">Privacy policy<\/a>.\n<\/p>\n<p>&nbsp;\n<\/p>\n<p><label> <span class=\"wpcf7-form-control-wrap\" data-name=\"acconsento\"><span class=\"wpcf7-form-control wpcf7-acceptance\"><span class=\"wpcf7-list-item\"><input type=\"checkbox\" name=\"acconsento\" value=\"1\" aria-invalid=\"false\" \/><\/span><\/span><\/span> <\/label>\n<\/p>\n<div style=\"padding: 0;\">\n<\/div>\n<p><input class=\"wpcf7-form-control wpcf7-submit has-spinner\" type=\"submit\" value=\"Invia il tuo messaggio \u00bb\" \/>\n<\/p>\n<p style=\"margin-top: 30px;\">Per informazioni e termini di prenotazione visita la pagina \u201c<a href=\"https:\/\/www.hotelaigle.it\/camere-courmayeur-mont-blanc\/prenotazioni-camere-courmayeur\/\"><strong>Prenota ora<\/strong><\/a>\u201c.\n<\/p><div class=\"wpcf7-response-output\" aria-hidden=\"true\"><\/div>\n<\/form>\n<\/div>\n<\/div>\n\t\t\t\t\t\t<\/div>\n\t\t\t\t<\/div>\n\t\t\t\t\t<\/div>\n\t\t<\/div>\n\t\t\t\t\t<\/div>\n\t\t<\/section>\n\t\t\t\t<\/div>\n\t\t","protected":false},"excerpt":{"rendered":"<p>La randonn\u00e9e, l&rsquo;alpinisme et le ski ont toujours \u00e9t\u00e9 les activit\u00e9s sportives les plus populaires \u00e0 Courmayeur. Cependant, ces derni\u00e8res ann\u00e9es, le nombre de ceux qui choisissent Courmayeur pour donner libre cours \u00e0 leur passion pour le cyclisme a consid\u00e9rablement augment\u00e9. La morphologie du territoire et la situation climatique cr\u00e9ent &hellip;<\/p>\n","protected":false},"author":1,"featured_media":12908,"parent":12864,"menu_order":7,"comment_status":"closed","ping_status":"closed","template":"","meta":{"footnotes":""},"class_list":["post-12907","page","type-page","status-publish","has-post-thumbnail","hentry"],"_links":{"self":[{"href":"https:\/\/www.hotelaigle.it\/fr\/wp-json\/wp\/v2\/pages\/12907","targetHints":{"allow":["GET"]}}],"collection":[{"href":"https:\/\/www.hotelaigle.it\/fr\/wp-json\/wp\/v2\/pages"}],"about":[{"href":"https:\/\/www.hotelaigle.it\/fr\/wp-json\/wp\/v2\/types\/page"}],"author":[{"embeddable":true,"href":"https:\/\/www.hotelaigle.it\/fr\/wp-json\/wp\/v2\/users\/1"}],"replies":[{"embeddable":true,"href":"https:\/\/www.hotelaigle.it\/fr\/wp-json\/wp\/v2\/comments?post=12907"}],"version-history":[{"count":1,"href":"https:\/\/www.hotelaigle.it\/fr\/wp-json\/wp\/v2\/pages\/12907\/revisions"}],"predecessor-version":[{"id":12909,"href":"https:\/\/www.hotelaigle.it\/fr\/wp-json\/wp\/v2\/pages\/12907\/revisions\/12909"}],"up":[{"embeddable":true,"href":"https:\/\/www.hotelaigle.it\/fr\/wp-json\/wp\/v2\/pages\/12864"}],"wp:featuredmedia":[{"embeddable":true,"href":"https:\/\/www.hotelaigle.it\/fr\/wp-json\/wp\/v2\/media\/12908"}],"wp:attachment":[{"href":"https:\/\/www.hotelaigle.it\/fr\/wp-json\/wp\/v2\/media?parent=12907"}],"curies":[{"name":"wp","href":"https:\/\/api.w.org\/{rel}","templated":true}]}}