{"id":12843,"date":"2024-03-05T08:56:59","date_gmt":"2024-03-05T07:56:59","guid":{"rendered":"https:\/\/www.hotelaigle.it\/courmayeur\/mont-blanc\/"},"modified":"2024-03-05T08:57:00","modified_gmt":"2024-03-05T07:57:00","slug":"mont-blanc","status":"publish","type":"page","link":"https:\/\/www.hotelaigle.it\/fr\/courmayeur\/mont-blanc\/","title":{"rendered":"Mont Blanc"},"content":{"rendered":"\t\t<div data-elementor-type=\"wp-page\" data-elementor-id=\"12843\" class=\"elementor elementor-12843 elementor-1598\">\n\t\t\t\t\t\t<section class=\"elementor-section elementor-top-section elementor-element elementor-element-198da895 elementor-section-stretched sezione-impact elementor-section-full_width elementor-section-content-middle elementor-section-height-default elementor-section-height-default\" data-id=\"198da895\" data-element_type=\"section\" data-e-type=\"section\" data-settings=\"{&quot;stretch_section&quot;:&quot;section-stretched&quot;}\">\n\t\t\t\t\t\t<div class=\"elementor-container elementor-column-gap-no\">\n\t\t\t\t\t<div class=\"elementor-column elementor-col-100 elementor-top-column elementor-element elementor-element-6a924fde\" data-id=\"6a924fde\" data-element_type=\"column\" data-e-type=\"column\">\n\t\t\t<div class=\"elementor-widget-wrap elementor-element-populated\">\n\t\t\t\t\t\t<div class=\"elementor-element elementor-element-4482bcd6 text-impact elementor-widget elementor-widget-text-editor\" data-id=\"4482bcd6\" data-element_type=\"widget\" data-e-type=\"widget\" data-widget_type=\"text-editor.default\">\n\t\t\t\t<div class=\"elementor-widget-container\">\n\t\t\t\t\t\t\t\t\t<p>Le Mont Blanc est, avec ses 4810 m d&rsquo;altitude, le plus haut sommet d&rsquo;Europe.<br \/>\nElle fait partie d&rsquo;une immense cha\u00eene, situ\u00e9e \u00e0 la fronti\u00e8re entre l&rsquo;Italie, la France et la Suisse. Quand on dit Mont Blanc, on fait donc r\u00e9f\u00e9rence \u00e0 la fois \u00e0 la cha\u00eene et au sommet principal.<\/p>\n\t\t\t\t\t\t\t\t<\/div>\n\t\t\t\t<\/div>\n\t\t\t\t\t<\/div>\n\t\t<\/div>\n\t\t\t\t\t<\/div>\n\t\t<\/section>\n\t\t\t\t<section class=\"elementor-section elementor-top-section elementor-element elementor-element-68375d4 elementor-section-full_width sezione-normal elementor-section-stretched elementor-section-height-default elementor-section-height-default\" data-id=\"68375d4\" data-element_type=\"section\" data-e-type=\"section\" data-settings=\"{&quot;background_background&quot;:&quot;classic&quot;,&quot;stretch_section&quot;:&quot;section-stretched&quot;}\">\n\t\t\t\t\t\t<div class=\"elementor-container elementor-column-gap-no\">\n\t\t\t\t\t<div class=\"elementor-column elementor-col-100 elementor-top-column elementor-element elementor-element-41fb70d4 column-left\" data-id=\"41fb70d4\" data-element_type=\"column\" data-e-type=\"column\">\n\t\t\t<div class=\"elementor-widget-wrap elementor-element-populated\">\n\t\t\t\t\t\t<div class=\"elementor-element elementor-element-537d289e text-normal elementor-widget elementor-widget-text-editor\" data-id=\"537d289e\" data-element_type=\"widget\" data-e-type=\"widget\" data-widget_type=\"text-editor.default\">\n\t\t\t\t<div class=\"elementor-widget-container\">\n\t\t\t\t\t\t\t\t\t<h3>Un peu de g\u00e9ographie et de g\u00e9ologie<\/h3>\n<figure id=\"attachment_567\" aria-describedby=\"caption-attachment-567\" style=\"width: 600px\" class=\"wp-caption alignleft\"><img fetchpriority=\"high\" decoding=\"async\" class=\"wp-image-567\" title=\"Il massiccio del Monte Bianco dal colle del Battaglione Aosta.\" src=\"https:\/\/www.hotelaigle.it\/wp-content\/uploads\/2020\/09\/monte-bianco_01-1024x768.jpg\" alt=\"Il massiccio del Monte Bianco dal colle del Battaglione Aosta.\" width=\"600\" height=\"450\" srcset=\"https:\/\/www.hotelaigle.it\/wp-content\/uploads\/2020\/09\/monte-bianco_01-1024x768.jpg 1024w, https:\/\/www.hotelaigle.it\/wp-content\/uploads\/2020\/09\/monte-bianco_01-300x225.jpg 300w, https:\/\/www.hotelaigle.it\/wp-content\/uploads\/2020\/09\/monte-bianco_01-768x576.jpg 768w, https:\/\/www.hotelaigle.it\/wp-content\/uploads\/2020\/09\/monte-bianco_01-1536x1152.jpg 1536w, https:\/\/www.hotelaigle.it\/wp-content\/uploads\/2020\/09\/monte-bianco_01-333x250.jpg 333w, https:\/\/www.hotelaigle.it\/wp-content\/uploads\/2020\/09\/monte-bianco_01.jpg 1600w\" sizes=\"(max-width: 600px) 100vw, 600px\" \/><figcaption id=\"caption-attachment-567\" class=\"wp-caption-text\">Le massif du Mont Blanc depuis la colline du Bataillon d&rsquo;Aoste<\/figcaption><\/figure>\n<p>La cha\u00eene du Mont Blanc mesure environ 40 km de long et 13 km de large \u00e0 son point le plus large. Son orientation est assez lin\u00e9aire du Sud-Ouest vers le Nord-Est. Avec sa taille compacte, il ferme la Vall\u00e9e d&rsquo;Aoste \u00e0 l&rsquo;extr\u00e9mit\u00e9 nord-ouest, la s\u00e9parant nettement de la Haute-Savoie. \u00c0 son extr\u00e9mit\u00e9, la Vall\u00e9e d&rsquo;Aoste se divise en deux sous-vall\u00e9es \u00e0 droite et \u00e0 gauche, qui encadrent le massif. Le premier, le Val Veny, s&rsquo;\u00e9tend vers le sud-ouest, jusqu&rsquo;\u00e0 la fronti\u00e8re avec la France. Le second, le Val Ferret, part en sens inverse, jusqu&rsquo;\u00e0 la fronti\u00e8re avec la Suisse.<\/p>\n<p>Des deux c\u00f4t\u00e9s, l&rsquo;\u00e9norme bastion se dresse de mani\u00e8re imposante avec une succession de sommets enneig\u00e9s, de fl\u00e8ches rocheuses, de cr\u00eates, de vall\u00e9es imperm\u00e9ables et de coul\u00e9es de glace, sans comparaison en Europe. Des deux c\u00f4t\u00e9s, celui fran\u00e7ais au nord est plus doux, ondul\u00e9 et enneig\u00e9. Celle de Courmayeur, au contraire, appara\u00eet plus imperm\u00e9able, puissante et, globalement, plus impressionnante.<br \/>\nDans la partie centrale, le massif est d\u00e9coup\u00e9 par une profonde vall\u00e9e en territoire fran\u00e7ais, travers\u00e9e par un long syst\u00e8me de glaciers qui se termine par une vall\u00e9e sinueuse, juste au nord de Chamonix. Il s&rsquo;agit des glaciers de la Vall\u00e9e Blanche et du Gigante, qui se rejoignent en aval pour former la c\u00e9l\u00e8bre Mer de Glace.<\/p>\n<p>D&rsquo;un point de vue g\u00e9ologique, le massif du Mont Blanc est constitu\u00e9 de diverses roches. Le type pr\u00e9dominant et le plus caract\u00e9ristique est le granite protogyne, une roche tr\u00e8s dure et solide, qui peut prendre des nuances allant du gris au jaune, jusqu&rsquo;au rouge\u00e2tre. Sa compacit\u00e9 est telle qu&rsquo;il r\u00e9siste tr\u00e8s bien aux agents atmosph\u00e9riques. Ce fait, combin\u00e9 aux pouss\u00e9es ascendantes continues de l&rsquo;ensemble du massif montagneux, explique la grandeur particuli\u00e8re de la cha\u00eene.<br \/>\nUne autre caract\u00e9ristique est la pr\u00e9sence fr\u00e9quente de cristaux de quartz, notamment du c\u00f4t\u00e9 italien.<\/p>\n<h3>Le Mont Blanc et sa cha\u00eene de sommets<\/h3>\n<figure id=\"attachment_615\" aria-describedby=\"caption-attachment-615\" style=\"width: 600px\" class=\"wp-caption alignright\"><img decoding=\"async\" class=\"wp-image-615\" title=\"Il ghiacciaio del Gigante.\" src=\"https:\/\/www.hotelaigle.it\/wp-content\/uploads\/2020\/09\/ghiacciaio-gigante_monte-bianco_01-1024x768.jpg\" alt=\"Il ghiacciaio del Gigante.\" width=\"600\" height=\"450\" srcset=\"https:\/\/www.hotelaigle.it\/wp-content\/uploads\/2020\/09\/ghiacciaio-gigante_monte-bianco_01-1024x768.jpg 1024w, https:\/\/www.hotelaigle.it\/wp-content\/uploads\/2020\/09\/ghiacciaio-gigante_monte-bianco_01-300x225.jpg 300w, https:\/\/www.hotelaigle.it\/wp-content\/uploads\/2020\/09\/ghiacciaio-gigante_monte-bianco_01-768x576.jpg 768w, https:\/\/www.hotelaigle.it\/wp-content\/uploads\/2020\/09\/ghiacciaio-gigante_monte-bianco_01-1536x1152.jpg 1536w, https:\/\/www.hotelaigle.it\/wp-content\/uploads\/2020\/09\/ghiacciaio-gigante_monte-bianco_01-333x250.jpg 333w, https:\/\/www.hotelaigle.it\/wp-content\/uploads\/2020\/09\/ghiacciaio-gigante_monte-bianco_01.jpg 1600w\" sizes=\"(max-width: 600px) 100vw, 600px\" \/><figcaption id=\"caption-attachment-615\" class=\"wp-caption-text\">Le glacier Gigante<\/figcaption><\/figure>\n<p>Outre le Mont Blanc lui-m\u00eame, on compte une vingtaine de sommets d\u00e9passant les 4000 m d&rsquo;altitude. Parmi eux, la Dent du G\u00e9ant, Les Grandes Jorasses, l&rsquo;Aiguille Blanche de Peut\u00e9rey, le Mont Maudit, le Mont Blanc du Tacul et l&rsquo;Aiguille Verte (les deux derni\u00e8res enti\u00e8rement fran\u00e7aises) se distinguent par leur renomm\u00e9e et leur beaut\u00e9. En dessous de 4000 m mais tout aussi c\u00e9l\u00e8bres sont l&rsquo;Aiguille Noire de Peut\u00e9rey, l&rsquo;Aiguille de Tr\u00e9lat\u00e9te, l&rsquo;Aiguille du Midi, les Aiguilles du Dru, l&rsquo;Aiguille du Triolet, l&rsquo;Aiguille du Chardonnet et le Mont Dolent.<br \/>\nDes cr\u00eates c\u00e9l\u00e8bres descendent des flancs de ces sommets, comme la cr\u00eate de Peut\u00e9rey, la cr\u00eate de l&rsquo;Innominata, la cr\u00eate de la Brenva, la cr\u00eate de Rochefort et l&rsquo;ar\u00eate des Aiguilles de Chamonix.<br \/>\nLa glace et la neige sont l&rsquo;un des aspects les plus fascinants du Mont Blanc.<br \/>\nD&rsquo;une mani\u00e8re g\u00e9n\u00e9rale, les glaciers sont plus larges et plus longs du c\u00f4t\u00e9 fran\u00e7ais le plus froid. Ici, outre la Mer de Glace, on retrouve le glacier Gigante, le glacier d&rsquo;Argenti\u00e8re, le glacier des Bossons et le glacier de Tr\u00e9lat\u00e9te. Du c\u00f4t\u00e9 italien, il faut citer le glacier de Miage, le glacier de Brenva, le glacier de Toula et le glacier du Pr\u00e9 de Bar. Au nord, en territoire suisse, les plus importants sont le glacier de Saleina et le c\u00e9l\u00e8bre glacier de Trient.<\/p>\n\t\t\t\t\t\t\t\t<\/div>\n\t\t\t\t<\/div>\n\t\t\t\t\t<\/div>\n\t\t<\/div>\n\t\t\t\t\t<\/div>\n\t\t<\/section>\n\t\t\t\t<section class=\"elementor-section elementor-top-section elementor-element elementor-element-276e7214 elementor-section-stretched elementor-section-full_width sezione-image-large elementor-section-content-middle elementor-section-height-default elementor-section-height-default\" data-id=\"276e7214\" data-element_type=\"section\" data-e-type=\"section\" data-settings=\"{&quot;stretch_section&quot;:&quot;section-stretched&quot;}\">\n\t\t\t\t\t\t<div class=\"elementor-container elementor-column-gap-no\">\n\t\t\t\t\t<div class=\"elementor-column elementor-col-100 elementor-top-column elementor-element elementor-element-58e8429f\" data-id=\"58e8429f\" data-element_type=\"column\" data-e-type=\"column\">\n\t\t\t<div class=\"elementor-widget-wrap elementor-element-populated\">\n\t\t\t\t\t\t<div class=\"elementor-element elementor-element-40c073fa elementor-widget elementor-widget-image\" data-id=\"40c073fa\" data-element_type=\"widget\" data-e-type=\"widget\" data-widget_type=\"image.default\">\n\t\t\t\t<div class=\"elementor-widget-container\">\n\t\t\t\t\t\t\t\t\t\t\t\t\t\t\t<img decoding=\"async\" width=\"1920\" height=\"800\" src=\"https:\/\/www.hotelaigle.it\/wp-content\/uploads\/2020\/09\/large_monte-bianco_01.jpg\" class=\"attachment-full size-full wp-image-243\" alt=\"\" srcset=\"https:\/\/www.hotelaigle.it\/wp-content\/uploads\/2020\/09\/large_monte-bianco_01.jpg 1920w, https:\/\/www.hotelaigle.it\/wp-content\/uploads\/2020\/09\/large_monte-bianco_01-300x125.jpg 300w, https:\/\/www.hotelaigle.it\/wp-content\/uploads\/2020\/09\/large_monte-bianco_01-1024x427.jpg 1024w, https:\/\/www.hotelaigle.it\/wp-content\/uploads\/2020\/09\/large_monte-bianco_01-768x320.jpg 768w, https:\/\/www.hotelaigle.it\/wp-content\/uploads\/2020\/09\/large_monte-bianco_01-1536x640.jpg 1536w, https:\/\/www.hotelaigle.it\/wp-content\/uploads\/2020\/09\/large_monte-bianco_01-600x250.jpg 600w\" sizes=\"(max-width: 1920px) 100vw, 1920px\" \/>\t\t\t\t\t\t\t\t\t\t\t\t\t\t\t<\/div>\n\t\t\t\t<\/div>\n\t\t\t\t\t<\/div>\n\t\t<\/div>\n\t\t\t\t\t<\/div>\n\t\t<\/section>\n\t\t\t\t<section class=\"elementor-section elementor-top-section elementor-element elementor-element-49a50945 elementor-section-full_width sezione-normal elementor-section-stretched elementor-section-height-default elementor-section-height-default\" data-id=\"49a50945\" data-element_type=\"section\" data-e-type=\"section\" data-settings=\"{&quot;background_background&quot;:&quot;classic&quot;,&quot;stretch_section&quot;:&quot;section-stretched&quot;}\">\n\t\t\t\t\t\t<div class=\"elementor-container elementor-column-gap-no\">\n\t\t\t\t\t<div class=\"elementor-column elementor-col-100 elementor-top-column elementor-element elementor-element-51c35502 column-left\" data-id=\"51c35502\" data-element_type=\"column\" data-e-type=\"column\">\n\t\t\t<div class=\"elementor-widget-wrap elementor-element-populated\">\n\t\t\t\t\t\t<div class=\"elementor-element elementor-element-408533c1 text-normal elementor-widget elementor-widget-text-editor\" data-id=\"408533c1\" data-element_type=\"widget\" data-e-type=\"widget\" data-widget_type=\"text-editor.default\">\n\t\t\t\t<div class=\"elementor-widget-container\">\n\t\t\t\t\t\t\t\t\t<h3>Mont Blanc et alpinisme<\/h3>\n<figure id=\"attachment_573\" aria-describedby=\"caption-attachment-573\" style=\"width: 600px\" class=\"wp-caption alignleft\"><img loading=\"lazy\" decoding=\"async\" class=\"wp-image-573\" title=\"Il Monte Bianco dal ghiacciaio del Gigante.\" src=\"https:\/\/www.hotelaigle.it\/wp-content\/uploads\/2020\/09\/monte-bianco_grand-capucin_01-1024x768.jpg\" alt=\"Il Monte Bianco dal ghiacciaio del Gigante.\" width=\"600\" height=\"450\" srcset=\"https:\/\/www.hotelaigle.it\/wp-content\/uploads\/2020\/09\/monte-bianco_grand-capucin_01-1024x768.jpg 1024w, https:\/\/www.hotelaigle.it\/wp-content\/uploads\/2020\/09\/monte-bianco_grand-capucin_01-300x225.jpg 300w, https:\/\/www.hotelaigle.it\/wp-content\/uploads\/2020\/09\/monte-bianco_grand-capucin_01-768x576.jpg 768w, https:\/\/www.hotelaigle.it\/wp-content\/uploads\/2020\/09\/monte-bianco_grand-capucin_01-1536x1152.jpg 1536w, https:\/\/www.hotelaigle.it\/wp-content\/uploads\/2020\/09\/monte-bianco_grand-capucin_01-333x250.jpg 333w, https:\/\/www.hotelaigle.it\/wp-content\/uploads\/2020\/09\/monte-bianco_grand-capucin_01.jpg 1600w\" sizes=\"(max-width: 600px) 100vw, 600px\" \/><figcaption id=\"caption-attachment-573\" class=\"wp-caption-text\">Mont Blanc depuis le glacier Gigante<\/figcaption><\/figure>\n<p>Le massif du Mont Blanc est le milieu de pr\u00e9dilection de l&rsquo;alpinisme en Europe et l&rsquo;un des plus importants au monde.<br \/>\nL&rsquo;activit\u00e9 d&rsquo;alpinisme y d\u00e9buta officiellement dans la seconde moiti\u00e9 du XVIIIe si\u00e8cle, lorsque commenc\u00e8rent les explorations \u00e0 la recherche du chemin pour atteindre le sommet du Mont Blanc. Le r\u00eave fut couronn\u00e9 en 1786, lorsque Michel Paccard et Jacques Balmat atteignirent le sommet du c\u00f4t\u00e9 de Chamonix. Depuis, les entreprises se sont succ\u00e9d\u00e9es, impliquant les plus grands alpinistes du monde.<br \/>\nAujourd&rsquo;hui encore, Courmayeur et Chamonix sont consid\u00e9r\u00e9es comme les capitales mondiales de l&rsquo;alpinisme. Une quantit\u00e9 infinie de routes et d&rsquo;itin\u00e9raires s&rsquo;\u00e9tendent le long de tous les sommets, parois et cr\u00eates du groupe. Des itin\u00e9raires classiques, qui font depuis toujours r\u00eaver tous ceux qui aiment la montagne. Mais aussi des itin\u00e9raires r\u00e9cents, qui surmontent des difficult\u00e9s autrefois impensables et sont d\u00e9sormais possibles gr\u00e2ce aux techniques modernes d&rsquo;entra\u00eenement et de progression.<br \/>\nAujourd&rsquo;hui plus que jamais, des groupes d&rsquo;alpinistes du monde entier font escale chaque ann\u00e9e \u00e0 Courmayeur et Chamonix, pour vivre l&rsquo;\u00e9motion de se retrouver face \u00e0 la montagne par excellence. Comme points d&rsquo;appui, ils utilisent de chaque c\u00f4t\u00e9 un vaste choix de refuges et de bivouacs. Pour raccourcir les marches d&rsquo;approche il est possible de profiter de moyens d&rsquo;ascension, comme le Skyway ou les trains \u00e0 cr\u00e9maill\u00e8re sur le territoire fran\u00e7ais.<br \/>\nMais le Mont Blanc n&rsquo;est pas un univers r\u00e9serv\u00e9 aux alpinistes confirm\u00e9s. M\u00eame ceux qui n&rsquo;ont pas l&rsquo;exp\u00e9rience ou n&rsquo;ont pas envie de s&rsquo;aventurer seuls peuvent aspirer \u00e0 l&rsquo;escalader ou \u00e0 conqu\u00e9rir l&rsquo;un des superbes sommets qui l&rsquo;entourent. Les\u00a0guides de Courmayeur et de Chamonix sont les meilleurs au monde. Et leurs associations, la Compagnie des Guides de Chamonix Mont-Blanc et la Soci\u00e9t\u00e9 des Guides Alpins de Courmayeur, sont les plus anciennes et les plus connues.<\/p>\n<h3>Profitez du Mont Blanc et de ses glaciers<\/h3>\n<figure id=\"attachment_595\" aria-describedby=\"caption-attachment-595\" style=\"width: 600px\" class=\"wp-caption alignright\"><img loading=\"lazy\" decoding=\"async\" class=\"wp-image-595\" title=\"La cresta di Peut\u00e9rey e le Grandes Jorasses.\" src=\"https:\/\/www.hotelaigle.it\/wp-content\/uploads\/2020\/09\/aiguille-noire_01-1024x768.jpg\" alt=\"La cresta di Peut\u00e9rey e le Grandes Jorasses.\" width=\"600\" height=\"450\" srcset=\"https:\/\/www.hotelaigle.it\/wp-content\/uploads\/2020\/09\/aiguille-noire_01-1024x768.jpg 1024w, https:\/\/www.hotelaigle.it\/wp-content\/uploads\/2020\/09\/aiguille-noire_01-300x225.jpg 300w, https:\/\/www.hotelaigle.it\/wp-content\/uploads\/2020\/09\/aiguille-noire_01-768x576.jpg 768w, https:\/\/www.hotelaigle.it\/wp-content\/uploads\/2020\/09\/aiguille-noire_01-1536x1152.jpg 1536w, https:\/\/www.hotelaigle.it\/wp-content\/uploads\/2020\/09\/aiguille-noire_01-333x250.jpg 333w, https:\/\/www.hotelaigle.it\/wp-content\/uploads\/2020\/09\/aiguille-noire_01.jpg 1600w\" sizes=\"(max-width: 600px) 100vw, 600px\" \/><figcaption id=\"caption-attachment-595\" class=\"wp-caption-text\">La cr\u00eate de Peut\u00e9rey et les Grandes Jorasses<\/figcaption><\/figure>\n<p>Vu de tous les points du pays de Courmayeur, le Mont Blanc est toujours \u00e9vocateur. Mais le voir en haute altitude et \u00eatre au milieu de celui-ci, c&rsquo;est autre chose.<br \/>\nPour ceux qui n&rsquo;ont aucun moyen de l&rsquo;affronter avec corde, crampons et piolet, le syst\u00e8me id\u00e9al est de l&rsquo;escalader avec le l\u00e9gendaire Skyway. Depuis Pontal, ramification d&rsquo;Entr\u00e8ves, le premier tron\u00e7on monte jusqu&rsquo;au Pavillon du Mont Fr\u00e9ty (2173 m), d&rsquo;o\u00f9 l&rsquo;on peut poursuivre avec le second jusqu&rsquo;aux\u00a03462 m de Punta Helbronner,<br \/>\nEn revanche, le Mont Blanc peut \u00eatre admir\u00e9 de bien d\u2019autres mani\u00e8res. L&rsquo;observer confortablement allong\u00e9 dans les prairies de la Vall\u00e9e du Ferret ou assis \u00e0 la table d&rsquo;un chalet du Val Veny. Ou vous pouvez en profiter en vous promenant parmi les montagnes et les vall\u00e9es environnantes.<br \/>\nLa r\u00e9gion de Courmayeur dispose d&rsquo;un r\u00e9seau infini de sentiers qui ravissent les randonneurs du monde entier. Certains de ces sentiers font partie du plus important itin\u00e9raire de randonn\u00e9e d&rsquo;Europe : le Tour du Mont Blanc. Des milliers de randonneurs s&rsquo;y attaquent chaque ann\u00e9e pour vivre l&rsquo;exp\u00e9rience magique de se promener en groupe, de passer la nuit en refuge et de traverser trois pays.<\/p>\n\t\t\t\t\t\t\t\t<\/div>\n\t\t\t\t<\/div>\n\t\t\t\t\t<\/div>\n\t\t<\/div>\n\t\t\t\t\t<\/div>\n\t\t<\/section>\n\t\t\t\t<section class=\"elementor-section elementor-top-section elementor-element elementor-element-2fa0b782 sezione-image-gallery elementor-section-stretched elementor-section-boxed elementor-section-height-default elementor-section-height-default\" data-id=\"2fa0b782\" data-element_type=\"section\" data-e-type=\"section\" data-settings=\"{&quot;stretch_section&quot;:&quot;section-stretched&quot;}\">\n\t\t\t\t\t\t<div class=\"elementor-container elementor-column-gap-no\">\n\t\t\t\t\t<div class=\"elementor-column elementor-col-100 elementor-top-column elementor-element elementor-element-53f7a08e\" data-id=\"53f7a08e\" data-element_type=\"column\" data-e-type=\"column\">\n\t\t\t<div class=\"elementor-widget-wrap elementor-element-populated\">\n\t\t\t\t\t\t<div class=\"elementor-element elementor-element-3fd0199e text-normal elementor-widget elementor-widget-heading\" data-id=\"3fd0199e\" data-element_type=\"widget\" data-e-type=\"widget\" data-widget_type=\"heading.default\">\n\t\t\t\t<div class=\"elementor-widget-container\">\n\t\t\t\t\t<h3 class=\"elementor-heading-title elementor-size-default\">Images du Mont Blanc et de sa cha\u00eene<\/h3>\t\t\t\t<\/div>\n\t\t\t\t<\/div>\n\t\t\t\t\t<\/div>\n\t\t<\/div>\n\t\t\t\t\t<\/div>\n\t\t<\/section>\n\t\t\t\t<section class=\"elementor-section elementor-top-section elementor-element elementor-element-409d14fb elementor-section-full_width sezione-booking elementor-section-stretched elementor-section-height-default elementor-section-height-default\" data-id=\"409d14fb\" data-element_type=\"section\" data-e-type=\"section\" data-settings=\"{&quot;background_background&quot;:&quot;classic&quot;,&quot;stretch_section&quot;:&quot;section-stretched&quot;}\">\n\t\t\t\t\t\t<div class=\"elementor-container elementor-column-gap-no\">\n\t\t\t\t\t<div class=\"elementor-column elementor-col-50 elementor-top-column elementor-element elementor-element-33431d65 column-left\" data-id=\"33431d65\" data-element_type=\"column\" data-e-type=\"column\">\n\t\t\t<div class=\"elementor-widget-wrap elementor-element-populated\">\n\t\t\t\t\t\t<div class=\"elementor-element elementor-element-7fa673b6 text-normal elementor-widget elementor-widget-text-editor\" data-id=\"7fa673b6\" data-element_type=\"widget\" data-e-type=\"widget\" data-widget_type=\"text-editor.default\">\n\t\t\t\t<div class=\"elementor-widget-container\">\n\t\t\t\t\t\t\t\t\t<p>L&rsquo;H\u00f4tel Aigle repr\u00e9sente une excellente base pour tous ceux qui souhaitent vivre le Mont Blanc de mani\u00e8re intense et personnelle, qu&rsquo;ils soient randonneurs et alpinistes ou simples excursionnistes.<br \/>\nDe nombreux itin\u00e9raires d&rsquo;alpinisme parmi les plus c\u00e9l\u00e8bres partent de Punta Helbronner, gare d&rsquo;arriv\u00e9e du Skyway : Dente del Gigante, Grand Capucin, Mont Maudit, Mont Blanc du Tacul, de nombreux itin\u00e9raires jusqu&rsquo;au sommet du Mont Blanc. La gare de d\u00e9part se trouve \u00e0 Pontal, \u00e0 moins de 1 km de l&rsquo;H\u00f4tel.<br \/>\nLe bus part \u00e9galement de La Palud pour le Val Ferret, o\u00f9 vous pourrez aller affronter des g\u00e9ants comme les Grandes Jorasses et le Mont Dolent, ou vous amuser \u00e0 grimper sur les parois du fond de la vall\u00e9e. Le bus reliant le Val V\u00e9ny, point de d\u00e9part de la route italienne du Mont Blanc et de nombreux itin\u00e9raires c\u00e9l\u00e8bres des vall\u00e9es du Freney et du Brouillard, s&rsquo;arr\u00eate devant l&rsquo;h\u00f4tel.<br \/>\nBien entendu, l&rsquo;accompagnement apport\u00e9 par l&rsquo;H\u00f4tel ne consiste pas seulement en la proximit\u00e9, mais aussi dans la recherche d&rsquo;un guide de montagne ou dans la location \u00e9ventuelle de mat\u00e9riel. Et pour ceux qui ne veulent pas utiliser de piolet et de crampons, nous pouvons vous proposer de fabuleux itin\u00e9raires de randonn\u00e9e, choisis parmi les nombreux qui attirent les passionn\u00e9s du monde entier.<\/p>\n\t\t\t\t\t\t\t\t<\/div>\n\t\t\t\t<\/div>\n\t\t\t\t\t<\/div>\n\t\t<\/div>\n\t\t\t\t<div class=\"elementor-column elementor-col-50 elementor-top-column elementor-element elementor-element-61e5cf64\" data-id=\"61e5cf64\" data-element_type=\"column\" data-e-type=\"column\">\n\t\t\t<div class=\"elementor-widget-wrap elementor-element-populated\">\n\t\t\t\t\t\t<div class=\"elementor-element elementor-element-63aa0a9 text-normal elementor-widget elementor-widget-heading\" data-id=\"63aa0a9\" data-element_type=\"widget\" data-e-type=\"widget\" data-widget_type=\"heading.default\">\n\t\t\t\t<div class=\"elementor-widget-container\">\n\t\t\t\t\t<h3 class=\"elementor-heading-title elementor-size-default\">R\u00e9server<\/h3>\t\t\t\t<\/div>\n\t\t\t\t<\/div>\n\t\t\t\t<div class=\"elementor-element elementor-element-6c146690 text-normal elementor-widget elementor-widget-text-editor\" data-id=\"6c146690\" data-element_type=\"widget\" data-e-type=\"widget\" data-widget_type=\"text-editor.default\">\n\t\t\t\t<div class=\"elementor-widget-container\">\n\t\t\t\t\t\t\t\t\t<p>En r\u00e9servant en ligne sur notre site, vous avez la garantie du tarif le plus avantageux qui soit.<br \/>\nPour conna\u00eetre les tarifs exacts pour la p\u00e9riode souhait\u00e9e et r\u00e9server, vous avez deux possibilit\u00e9s :<\/p>\n\t\t\t\t\t\t\t\t<\/div>\n\t\t\t\t<\/div>\n\t\t\t\t<div class=\"elementor-element elementor-element-7f47265f text-normal elementor-widget elementor-widget-text-editor\" data-id=\"7f47265f\" data-element_type=\"widget\" data-e-type=\"widget\" data-widget_type=\"text-editor.default\">\n\t\t\t\t<div class=\"elementor-widget-container\">\n\t\t\t\t\t\t\t\t\t<p>cliquez sur le bouton ci-dessous et acc\u00e9dez \u00e0 notre syst\u00e8me de r\u00e9servation en ligne<\/p>\n\t\t\t\t\t\t\t\t<\/div>\n\t\t\t\t<\/div>\n\t\t\t\t<div class=\"elementor-element elementor-element-4a769446 elementor-align-center elementor-widget__width-inherit elementor-widget elementor-widget-button\" data-id=\"4a769446\" data-element_type=\"widget\" data-e-type=\"widget\" data-widget_type=\"button.default\">\n\t\t\t\t<div class=\"elementor-widget-container\">\n\t\t\t\t\t\t\t\t\t<div class=\"elementor-button-wrapper\">\n\t\t\t\t\t<a class=\"elementor-button elementor-button-link elementor-size-xl\" href=\"https:\/\/www.secure-reservation.cloud\/booking-engine\/?portal=hotelaigle-courmayeur&#038;lang=it\" target=\"_blank\" rel=\"nofollow\">\n\t\t\t\t\t\t<span class=\"elementor-button-content-wrapper\">\n\t\t\t\t\t\t\t\t\t<span class=\"elementor-button-text\">V\u00c9RIFIER LA DISPONIBILIT\u00c9 ET R\u00c9SERVER<\/span>\n\t\t\t\t\t<\/span>\n\t\t\t\t\t<\/a>\n\t\t\t\t<\/div>\n\t\t\t\t\t\t\t\t<\/div>\n\t\t\t\t<\/div>\n\t\t\t\t<div class=\"elementor-element elementor-element-87b0599 text-normal elementor-widget elementor-widget-text-editor\" data-id=\"87b0599\" data-element_type=\"widget\" data-e-type=\"widget\" data-widget_type=\"text-editor.default\">\n\t\t\t\t<div class=\"elementor-widget-container\">\n\t\t\t\t\t\t\t\t\t<p>ou<\/p>\n<p>remplissez le formulaire de r\u00e9servation suivant<\/p>\n\t\t\t\t\t\t\t\t<\/div>\n\t\t\t\t<\/div>\n\t\t\t\t<div class=\"elementor-element elementor-element-536d42ff elementor-widget elementor-widget-shortcode\" data-id=\"536d42ff\" data-element_type=\"widget\" data-e-type=\"widget\" data-widget_type=\"shortcode.default\">\n\t\t\t\t<div class=\"elementor-widget-container\">\n\t\t\t\t\t\t\t<div class=\"elementor-shortcode\">\n<div class=\"wpcf7 no-js\" id=\"wpcf7-f15-o1\" lang=\"it-IT\" dir=\"ltr\" data-wpcf7-id=\"15\">\n<div class=\"screen-reader-response\"><p role=\"status\" aria-live=\"polite\" aria-atomic=\"true\"><\/p> <ul><\/ul><\/div>\n<form action=\"\/fr\/wp-json\/wp\/v2\/pages\/12843#wpcf7-f15-o1\" method=\"post\" class=\"wpcf7-form init\" aria-label=\"Modulo di contatto\" novalidate=\"novalidate\" data-status=\"init\">\n<fieldset class=\"hidden-fields-container\"><input type=\"hidden\" name=\"_wpcf7\" value=\"15\" \/><input type=\"hidden\" name=\"_wpcf7_version\" value=\"6.1.5\" \/><input type=\"hidden\" name=\"_wpcf7_locale\" value=\"it_IT\" \/><input type=\"hidden\" name=\"_wpcf7_unit_tag\" value=\"wpcf7-f15-o1\" \/><input type=\"hidden\" name=\"_wpcf7_container_post\" value=\"0\" \/><input type=\"hidden\" name=\"_wpcf7_posted_data_hash\" value=\"\" \/><input type=\"hidden\" name=\"_wpcf7_recaptcha_response\" value=\"\" \/>\n<\/fieldset>\n<p><label> Oggetto *<br \/>\n<span class=\"wpcf7-form-control-wrap\" data-name=\"your-subject\"><input size=\"40\" maxlength=\"400\" class=\"wpcf7-form-control wpcf7-text wpcf7-validates-as-required\" aria-required=\"true\" aria-invalid=\"false\" value=\"Prenotazione camera\" type=\"text\" name=\"your-subject\" \/><\/span> <\/label>\n<\/p>\n<p><label> Nome e cognome *:<br \/>\n<span class=\"wpcf7-form-control-wrap\" data-name=\"your-name\"><input size=\"40\" maxlength=\"400\" class=\"wpcf7-form-control wpcf7-text wpcf7-validates-as-required\" aria-required=\"true\" aria-invalid=\"false\" value=\"\" type=\"text\" name=\"your-name\" \/><\/span> <\/label>\n<\/p>\n<p><label> Email *:<br \/>\n<span class=\"wpcf7-form-control-wrap\" data-name=\"your-email\"><input size=\"40\" maxlength=\"400\" class=\"wpcf7-form-control wpcf7-text wpcf7-validates-as-required\" aria-required=\"true\" aria-invalid=\"false\" value=\"\" type=\"text\" name=\"your-email\" \/><\/span> <\/label>\n<\/p>\n<p><label> Telefono:<br \/>\n<span class=\"wpcf7-form-control-wrap\" data-name=\"your-phone\"><input size=\"40\" maxlength=\"400\" class=\"wpcf7-form-control wpcf7-tel wpcf7-text wpcf7-validates-as-tel\" aria-invalid=\"false\" value=\"\" type=\"tel\" name=\"your-phone\" \/><\/span> <\/label>\n<\/p>\n<p style=\"font-size: 12px;\">( Indicare il numero di telefono senza punti, trattini, parentesi o altro )\n<\/p>\n<p><label> Data di arrivo:<br \/>\n<span class=\"wpcf7-form-control-wrap\" data-name=\"check-in\"><input class=\"wpcf7-form-control wpcf7-date wpcf7-validates-as-date\" aria-invalid=\"false\" value=\"\" type=\"date\" name=\"check-in\" \/><\/span> <\/label>\n<\/p>\n<p><label> Data di partenza:<br \/>\n<span class=\"wpcf7-form-control-wrap\" data-name=\"check-out\"><input class=\"wpcf7-form-control wpcf7-date wpcf7-validates-as-date\" aria-invalid=\"false\" value=\"\" type=\"date\" name=\"check-out\" \/><\/span> <\/label>\n<\/p>\n<p><label> Numero persone:<br \/>\n<span class=\"wpcf7-form-control-wrap\" data-name=\"number-people\"><select class=\"wpcf7-form-control wpcf7-select\" aria-invalid=\"false\" name=\"number-people\"><option value=\"1\">1<\/option><option value=\"2\">2<\/option><option value=\"3\">3<\/option><option value=\"4\">4<\/option><option value=\"5\">5<\/option><option value=\"6\">6<\/option><option value=\"7\">7<\/option><option value=\"8\">8<\/option><option value=\"oltre\">oltre<\/option><\/select><\/span> <\/label>\n<\/p>\n<p><label> Numero camere:<br \/>\n<span class=\"wpcf7-form-control-wrap\" data-name=\"number-room\"><select class=\"wpcf7-form-control wpcf7-select\" aria-invalid=\"false\" name=\"number-room\"><option value=\"1\">1<\/option><option value=\"2\">2<\/option><option value=\"3\">3<\/option><option value=\"4\">4<\/option><\/select><\/span> <\/label>\n<\/p>\n<p><label> Note aggiuntive (eventuali):<br \/>\n<span class=\"wpcf7-form-control-wrap\" data-name=\"your-message\"><textarea cols=\"40\" rows=\"10\" maxlength=\"2000\" class=\"wpcf7-form-control wpcf7-textarea\" id=\"tuo-messaggio-textarea\" aria-invalid=\"false\" name=\"your-message\"><\/textarea><\/span> <\/label>\n<\/p>\n<p style=\"clear: both; padding: 20px 0;\">Acconsento al trattamento dei miei dati personali secondo le modalit\u00e0 indicate nella <a href=\"https:\/\/www.hotelaigle.it\/privacy-policy\/\" title=\"Privacy policy\">Privacy policy<\/a>.\n<\/p>\n<p>&nbsp;\n<\/p>\n<p><label> <span class=\"wpcf7-form-control-wrap\" data-name=\"acconsento\"><span class=\"wpcf7-form-control wpcf7-acceptance\"><span class=\"wpcf7-list-item\"><input type=\"checkbox\" name=\"acconsento\" value=\"1\" aria-invalid=\"false\" \/><\/span><\/span><\/span> <\/label>\n<\/p>\n<div style=\"padding: 0;\">\n<\/div>\n<p><input class=\"wpcf7-form-control wpcf7-submit has-spinner\" type=\"submit\" value=\"Invia il tuo messaggio \u00bb\" \/>\n<\/p>\n<p style=\"margin-top: 30px;\">Per informazioni e termini di prenotazione visita la pagina \u201c<a href=\"https:\/\/www.hotelaigle.it\/camere-courmayeur-mont-blanc\/prenotazioni-camere-courmayeur\/\"><strong>Prenota ora<\/strong><\/a>\u201c.\n<\/p><div class=\"wpcf7-response-output\" aria-hidden=\"true\"><\/div>\n<\/form>\n<\/div>\n<\/div>\n\t\t\t\t\t\t<\/div>\n\t\t\t\t<\/div>\n\t\t\t\t\t<\/div>\n\t\t<\/div>\n\t\t\t\t\t<\/div>\n\t\t<\/section>\n\t\t\t\t<\/div>\n\t\t","protected":false},"excerpt":{"rendered":"<p>Le Mont Blanc est, avec ses 4810 m d&rsquo;altitude, le plus haut sommet d&rsquo;Europe. Elle fait partie d&rsquo;une immense cha\u00eene, situ\u00e9e \u00e0 la fronti\u00e8re entre l&rsquo;Italie, la France et la Suisse. Quand on dit Mont Blanc, on fait donc r\u00e9f\u00e9rence \u00e0 la fois \u00e0 la cha\u00eene et au sommet principal. &hellip;<\/p>\n","protected":false},"author":1,"featured_media":12798,"parent":12765,"menu_order":2,"comment_status":"closed","ping_status":"closed","template":"","meta":{"footnotes":""},"class_list":["post-12843","page","type-page","status-publish","has-post-thumbnail","hentry"],"_links":{"self":[{"href":"https:\/\/www.hotelaigle.it\/fr\/wp-json\/wp\/v2\/pages\/12843","targetHints":{"allow":["GET"]}}],"collection":[{"href":"https:\/\/www.hotelaigle.it\/fr\/wp-json\/wp\/v2\/pages"}],"about":[{"href":"https:\/\/www.hotelaigle.it\/fr\/wp-json\/wp\/v2\/types\/page"}],"author":[{"embeddable":true,"href":"https:\/\/www.hotelaigle.it\/fr\/wp-json\/wp\/v2\/users\/1"}],"replies":[{"embeddable":true,"href":"https:\/\/www.hotelaigle.it\/fr\/wp-json\/wp\/v2\/comments?post=12843"}],"version-history":[{"count":1,"href":"https:\/\/www.hotelaigle.it\/fr\/wp-json\/wp\/v2\/pages\/12843\/revisions"}],"predecessor-version":[{"id":12844,"href":"https:\/\/www.hotelaigle.it\/fr\/wp-json\/wp\/v2\/pages\/12843\/revisions\/12844"}],"up":[{"embeddable":true,"href":"https:\/\/www.hotelaigle.it\/fr\/wp-json\/wp\/v2\/pages\/12765"}],"wp:featuredmedia":[{"embeddable":true,"href":"https:\/\/www.hotelaigle.it\/fr\/wp-json\/wp\/v2\/media\/12798"}],"wp:attachment":[{"href":"https:\/\/www.hotelaigle.it\/fr\/wp-json\/wp\/v2\/media?parent=12843"}],"curies":[{"name":"wp","href":"https:\/\/api.w.org\/{rel}","templated":true}]}}