{"id":12807,"date":"2024-03-04T14:22:47","date_gmt":"2024-03-04T13:22:47","guid":{"rendered":"https:\/\/www.hotelaigle.it\/?page_id=12807"},"modified":"2024-03-04T14:49:30","modified_gmt":"2024-03-04T13:49:30","slug":"notre-histoire","status":"publish","type":"page","link":"https:\/\/www.hotelaigle.it\/fr\/notre-histoire\/","title":{"rendered":"Notre histoire"},"content":{"rendered":"\t\t<div data-elementor-type=\"wp-page\" data-elementor-id=\"12807\" class=\"elementor elementor-12807 elementor-9632\">\n\t\t\t\t\t\t<section class=\"elementor-section elementor-top-section elementor-element elementor-element-478f0bbb elementor-section-stretched sezione-impact elementor-section-full_width elementor-section-content-middle elementor-section-height-default elementor-section-height-default\" data-id=\"478f0bbb\" data-element_type=\"section\" data-e-type=\"section\" data-settings=\"{&quot;stretch_section&quot;:&quot;section-stretched&quot;}\">\n\t\t\t\t\t\t<div class=\"elementor-container elementor-column-gap-no\">\n\t\t\t\t\t<div class=\"elementor-column elementor-col-100 elementor-top-column elementor-element elementor-element-41fa1183\" data-id=\"41fa1183\" data-element_type=\"column\" data-e-type=\"column\">\n\t\t\t<div class=\"elementor-widget-wrap elementor-element-populated\">\n\t\t\t\t\t\t<div class=\"elementor-element elementor-element-f274cfe elementor-widget elementor-widget-image\" data-id=\"f274cfe\" data-element_type=\"widget\" data-e-type=\"widget\" data-widget_type=\"image.default\">\n\t\t\t\t<div class=\"elementor-widget-container\">\n\t\t\t\t\t\t\t\t\t\t\t\t<figure class=\"wp-caption\">\n\t\t\t\t\t\t\t\t\t\t<img fetchpriority=\"high\" decoding=\"async\" width=\"2048\" height=\"921\" src=\"https:\/\/www.hotelaigle.it\/wp-content\/uploads\/2023\/12\/daaac335-9018-405d-8882-27a511d9eb4f.jpg\" class=\"attachment-full size-full wp-image-12471\" alt=\"\" srcset=\"https:\/\/www.hotelaigle.it\/wp-content\/uploads\/2023\/12\/daaac335-9018-405d-8882-27a511d9eb4f.jpg 2048w, https:\/\/www.hotelaigle.it\/wp-content\/uploads\/2023\/12\/daaac335-9018-405d-8882-27a511d9eb4f-300x135.jpg 300w, https:\/\/www.hotelaigle.it\/wp-content\/uploads\/2023\/12\/daaac335-9018-405d-8882-27a511d9eb4f-1024x461.jpg 1024w, https:\/\/www.hotelaigle.it\/wp-content\/uploads\/2023\/12\/daaac335-9018-405d-8882-27a511d9eb4f-768x345.jpg 768w, https:\/\/www.hotelaigle.it\/wp-content\/uploads\/2023\/12\/daaac335-9018-405d-8882-27a511d9eb4f-1536x691.jpg 1536w, https:\/\/www.hotelaigle.it\/wp-content\/uploads\/2023\/12\/daaac335-9018-405d-8882-27a511d9eb4f-556x250.jpg 556w\" sizes=\"(max-width: 2048px) 100vw, 2048px\" \/>\t\t\t\t\t\t\t\t\t\t\t<figcaption class=\"widget-image-caption wp-caption-text\">L'H\u00f4tel Aigle aujourd'hui<\/figcaption>\n\t\t\t\t\t\t\t\t\t\t<\/figure>\n\t\t\t\t\t\t\t\t\t<\/div>\n\t\t\t\t<\/div>\n\t\t\t\t<div class=\"elementor-element elementor-element-555aa44d text-impact elementor-widget elementor-widget-text-editor\" data-id=\"555aa44d\" data-element_type=\"widget\" data-e-type=\"widget\" data-widget_type=\"text-editor.default\">\n\t\t\t\t<div class=\"elementor-widget-container\">\n\t\t\t\t\t\t\t\t\t<p>Nous avons commenc\u00e9 notre aventure en 2000 dans ce qui \u00e9tait alors \u00ab l&rsquo;ancien \u00bb H\u00f4tel Aigle, o\u00f9 nous avons accueilli des milliers de clients au fil des ann\u00e9es. En 2019, nous avons d\u00e9cid\u00e9 qu&rsquo;il \u00e9tait temps de faire quelques travaux pour rendre notre maison plus confortable, en gardant la m\u00eame \u00ab\u00a0sensation\u00a0\u00bb d&rsquo;un endroit douillet au milieu des belles montagnes qui entourent le village d&rsquo;Entr\u00e8ves, ce magnifique petit village au pied du Mont Blanc. , un village m\u00e9di\u00e9val qui a conserv\u00e9 son aspect et son atmosph\u00e8re du 14\u00e8me si\u00e8cle. Aujourd&rsquo;hui, nous vous accueillons dans notre nouvel H\u00f4tel Aigle, qui offre tout le confort moderne, mais vous ressentirez la m\u00eame passion et le m\u00eame enthousiasme que lorsque nous avons commenc\u00e9 il y a plus de vingt ans.<\/p>\t\t\t\t\t\t\t\t<\/div>\n\t\t\t\t<\/div>\n\t\t\t\t\t<\/div>\n\t\t<\/div>\n\t\t\t\t\t<\/div>\n\t\t<\/section>\n\t\t\t\t<section class=\"elementor-section elementor-top-section elementor-element elementor-element-35a716ba elementor-section-stretched elementor-section-full_width sezione-normal elementor-section-height-default elementor-section-height-default\" data-id=\"35a716ba\" data-element_type=\"section\" data-e-type=\"section\" data-settings=\"{&quot;stretch_section&quot;:&quot;section-stretched&quot;}\">\n\t\t\t\t\t\t<div class=\"elementor-container elementor-column-gap-no\">\n\t\t\t\t\t<div class=\"elementor-column elementor-col-100 elementor-top-column elementor-element elementor-element-20667dd\" data-id=\"20667dd\" data-element_type=\"column\" data-e-type=\"column\">\n\t\t\t<div class=\"elementor-widget-wrap elementor-element-populated\">\n\t\t\t\t\t\t<div class=\"elementor-element elementor-element-7c54ef09 text-normal elementor-widget elementor-widget-text-editor\" data-id=\"7c54ef09\" data-element_type=\"widget\" data-e-type=\"widget\" data-widget_type=\"text-editor.default\">\n\t\t\t\t<div class=\"elementor-widget-container\">\n\t\t\t\t\t\t\t\t\t<h3>Ci-dessous quelques t\u00e9moignages de notre livre d&rsquo;or<\/h3>\t\t\t\t\t\t\t\t<\/div>\n\t\t\t\t<\/div>\n\t\t\t\t<section class=\"elementor-section elementor-inner-section elementor-element elementor-element-2f593f4 elementor-section-boxed elementor-section-height-default elementor-section-height-default\" data-id=\"2f593f4\" data-element_type=\"section\" data-e-type=\"section\">\n\t\t\t\t\t\t<div class=\"elementor-container elementor-column-gap-default\">\n\t\t\t\t\t<div class=\"elementor-column elementor-col-50 elementor-inner-column elementor-element elementor-element-55ed7d1\" data-id=\"55ed7d1\" data-element_type=\"column\" data-e-type=\"column\">\n\t\t\t<div class=\"elementor-widget-wrap elementor-element-populated\">\n\t\t\t\t\t\t<div class=\"elementor-element elementor-element-beca27b elementor-widget elementor-widget-text-editor\" data-id=\"beca27b\" data-element_type=\"widget\" data-e-type=\"widget\" data-widget_type=\"text-editor.default\">\n\t\t\t\t<div class=\"elementor-widget-container\">\n\t\t\t\t\t\t\t\t\t<p>\u00ab\u00a0Devant le glacier de la Brenva, nous avons pass\u00e9 de belles journ\u00e9es heureuses. Nous proposons de retourner dans la chambre confortable de l&rsquo;H\u00f4tel Aigle avec l&rsquo;accueil aimable et amical d&rsquo;Alessandro.\u00a0\u00bb<br \/>Anna et Rossana, Florence<\/p><p>\u00ab\u00a0J&rsquo;ai toujours consid\u00e9r\u00e9 Entr\u00e8ves comme le plus bel endroit du monde et maintenant que j&rsquo;ai pass\u00e9 dix jours avec vous, je le trouve encore plus beau !\u00a0\u00bb<br \/>Alberto et Fabrizio, Lodi<\/p><p>\u00ab\u00a0La gentillesse, la serviabilit\u00e9 et la convivialit\u00e9 de vous tous nous ont conquis ! Bonne bouffe !\u00a0\u00bb<br \/>Valentina, Cagliari<\/p>\t\t\t\t\t\t\t\t<\/div>\n\t\t\t\t<\/div>\n\t\t\t\t\t<\/div>\n\t\t<\/div>\n\t\t\t\t<div class=\"elementor-column elementor-col-50 elementor-inner-column elementor-element elementor-element-5de1a56\" data-id=\"5de1a56\" data-element_type=\"column\" data-e-type=\"column\">\n\t\t\t<div class=\"elementor-widget-wrap elementor-element-populated\">\n\t\t\t\t\t\t<div class=\"elementor-element elementor-element-5539fbf elementor-widget elementor-widget-text-editor\" data-id=\"5539fbf\" data-element_type=\"widget\" data-e-type=\"widget\" data-widget_type=\"text-editor.default\">\n\t\t\t\t<div class=\"elementor-widget-container\">\n\t\t\t\t\t\t\t\t\t<p>\u00ab\u00a0Nous tenons \u00e0 vous remercier pour tout, mais vraiment pour tout ce que vous avez propos\u00e9 au-del\u00e0 du service h\u00f4telier (et je parle du c\u00f4t\u00e9 humain).\u00a0\u00bb<br \/>Maurizio et Luisa, Rome<\/p><p>\u00ab\u00a0Nous sommes reconnaissants de l&rsquo;accueil chaleureux que nous avons re\u00e7u ces derniers jours. La vue sur le Mont Blanc depuis l&rsquo;H\u00f4tel Aigle est la meilleure de toute la vall\u00e9e !\u00a0\u00bb<br \/>Francesco et Marisa, Imp\u00e9ria<\/p><p>\u00ab\u00a0Nous avons h\u00e2te de vous revoir l&rsquo;ann\u00e9e prochaine. Merci pour tout !\u00a0\u00bb<br \/>Giorgio<\/p>\t\t\t\t\t\t\t\t<\/div>\n\t\t\t\t<\/div>\n\t\t\t\t\t<\/div>\n\t\t<\/div>\n\t\t\t\t\t<\/div>\n\t\t<\/section>\n\t\t\t\t<section class=\"elementor-section elementor-inner-section elementor-element elementor-element-8ba8eff elementor-section-boxed elementor-section-height-default elementor-section-height-default\" data-id=\"8ba8eff\" data-element_type=\"section\" data-e-type=\"section\">\n\t\t\t\t\t\t<div class=\"elementor-container elementor-column-gap-default\">\n\t\t\t\t\t<div class=\"elementor-column elementor-col-50 elementor-inner-column elementor-element elementor-element-6a8f782\" data-id=\"6a8f782\" data-element_type=\"column\" data-e-type=\"column\">\n\t\t\t<div class=\"elementor-widget-wrap elementor-element-populated\">\n\t\t\t\t\t\t<div class=\"elementor-element elementor-element-ab1a25a elementor-widget elementor-widget-text-editor\" data-id=\"ab1a25a\" data-element_type=\"widget\" data-e-type=\"widget\" data-widget_type=\"text-editor.default\">\n\t\t\t\t<div class=\"elementor-widget-container\">\n\t\t\t\t\t\t\t\t\t<p>\u00ab\u00a0Merci pour tout pour des vacances extraordinaires ! F\u00e9licitations !\u00a0\u00bb<br \/>Marco, Turin<\/p><p>\u00ab\u00a0Un merci affectueux de nous avoir mis \u00e0 l&rsquo;aise d\u00e8s le premier jour, gr\u00e2ce \u00e0 votre gentillesse, votre sympathie, votre cordialit\u00e9. Nous sommes \u00e9galement tr\u00e8s satisfaits de la cuisine. Nous vous reverrons certainement !\u00a0\u00bb<br \/>Claudia et Paola, Spol\u00e8te<\/p><p>\u00ab\u00a0La cuisine est vraiment spectaculaire ! Nos f\u00e9licitations !\u00a0\u00bb<br \/>Valentina et Christian<\/p><p>\u00ab\u00a0Le panorama sur les montagnes ici est fantastique et nous avons trouv\u00e9 une merveilleuse hospitalit\u00e9 dans votre h\u00f4tel ! Enfin, la cuisine est d&rsquo;excellente qualit\u00e9. F\u00e9licitations !\u00a0\u00bb<br \/>Luca, Pamela, Matteo et Riccardo<\/p><p>\u00ab\u00a0Nous avons appr\u00e9ci\u00e9, outre la beaut\u00e9 des lieux, votre disponibilit\u00e9, votre courtoisie, vos sourires. Nous nous sommes sentis comme une famille.\u00a0\u00bb<br \/>Luigia et Alfredo<\/p>\t\t\t\t\t\t\t\t<\/div>\n\t\t\t\t<\/div>\n\t\t\t\t\t<\/div>\n\t\t<\/div>\n\t\t\t\t<div class=\"elementor-column elementor-col-50 elementor-inner-column elementor-element elementor-element-7de040a\" data-id=\"7de040a\" data-element_type=\"column\" data-e-type=\"column\">\n\t\t\t<div class=\"elementor-widget-wrap elementor-element-populated\">\n\t\t\t\t\t\t<div class=\"elementor-element elementor-element-f0ca2e4 elementor-widget elementor-widget-image\" data-id=\"f0ca2e4\" data-element_type=\"widget\" data-e-type=\"widget\" data-widget_type=\"image.default\">\n\t\t\t\t<div class=\"elementor-widget-container\">\n\t\t\t\t\t\t\t\t\t\t\t\t<figure class=\"wp-caption\">\n\t\t\t\t\t\t\t\t\t\t<img decoding=\"async\" width=\"1024\" height=\"1024\" src=\"https:\/\/www.hotelaigle.it\/wp-content\/uploads\/2023\/12\/fa46d766-1ae7-4a91-b507-2f6ab2ebabc7-1024x1024.jpg\" class=\"attachment-large size-large wp-image-12813\" alt=\"\" srcset=\"https:\/\/www.hotelaigle.it\/wp-content\/uploads\/2023\/12\/fa46d766-1ae7-4a91-b507-2f6ab2ebabc7-1024x1024.jpg 1024w, https:\/\/www.hotelaigle.it\/wp-content\/uploads\/2023\/12\/fa46d766-1ae7-4a91-b507-2f6ab2ebabc7-300x300.jpg 300w, https:\/\/www.hotelaigle.it\/wp-content\/uploads\/2023\/12\/fa46d766-1ae7-4a91-b507-2f6ab2ebabc7-150x150.jpg 150w, https:\/\/www.hotelaigle.it\/wp-content\/uploads\/2023\/12\/fa46d766-1ae7-4a91-b507-2f6ab2ebabc7-768x768.jpg 768w, https:\/\/www.hotelaigle.it\/wp-content\/uploads\/2023\/12\/fa46d766-1ae7-4a91-b507-2f6ab2ebabc7-1536x1536.jpg 1536w, https:\/\/www.hotelaigle.it\/wp-content\/uploads\/2023\/12\/fa46d766-1ae7-4a91-b507-2f6ab2ebabc7-250x250.jpg 250w, https:\/\/www.hotelaigle.it\/wp-content\/uploads\/2023\/12\/fa46d766-1ae7-4a91-b507-2f6ab2ebabc7-512x512.jpg 512w, https:\/\/www.hotelaigle.it\/wp-content\/uploads\/2023\/12\/fa46d766-1ae7-4a91-b507-2f6ab2ebabc7.jpg 2048w\" sizes=\"(max-width: 1024px) 100vw, 1024px\" \/>\t\t\t\t\t\t\t\t\t\t\t<figcaption class=\"widget-image-caption wp-caption-text\">Histoire photographique de l'H\u00f4tel Aigle (ann\u00e9es 1950 en haut \/ ann\u00e9es 1990 en bas)<\/figcaption>\n\t\t\t\t\t\t\t\t\t\t<\/figure>\n\t\t\t\t\t\t\t\t\t<\/div>\n\t\t\t\t<\/div>\n\t\t\t\t\t<\/div>\n\t\t<\/div>\n\t\t\t\t\t<\/div>\n\t\t<\/section>\n\t\t\t\t\t<\/div>\n\t\t<\/div>\n\t\t\t\t\t<\/div>\n\t\t<\/section>\n\t\t\t\t<section class=\"elementor-section elementor-top-section elementor-element elementor-element-afb4e2d sezione-calltoaction elementor-section-full_width elementor-section-height-default elementor-section-height-default\" data-id=\"afb4e2d\" data-element_type=\"section\" data-e-type=\"section\" data-settings=\"{&quot;background_background&quot;:&quot;classic&quot;}\">\n\t\t\t\t\t\t<div class=\"elementor-container elementor-column-gap-no\">\n\t\t\t\t\t<div class=\"elementor-column elementor-col-100 elementor-top-column elementor-element elementor-element-4bc74d7\" data-id=\"4bc74d7\" data-element_type=\"column\" data-e-type=\"column\">\n\t\t\t<div class=\"elementor-widget-wrap elementor-element-populated\">\n\t\t\t\t\t\t<div class=\"elementor-element elementor-element-da23dc7 text-normal elementor-widget elementor-widget-text-editor\" data-id=\"da23dc7\" data-element_type=\"widget\" data-e-type=\"widget\" data-widget_type=\"text-editor.default\">\n\t\t\t\t<div class=\"elementor-widget-container\">\n\t\t\t\t\t\t\t\t\t<h4>H\u00d4TEL AIGLE &#8211; COURMAYEUR MONT BLANC<\/h4>\t\t\t\t\t\t\t\t<\/div>\n\t\t\t\t<\/div>\n\t\t\t\t<div class=\"elementor-element elementor-element-3a77175 text-normal elementor-widget elementor-widget-text-editor\" data-id=\"3a77175\" data-element_type=\"widget\" data-e-type=\"widget\" data-widget_type=\"text-editor.default\">\n\t\t\t\t<div class=\"elementor-widget-container\">\n\t\t\t\t\t\t\t\t\t<p>L&rsquo;endroit id\u00e9al pour passer vos vacances au pied du Mont Blanc, \u00e0 deux pas de Courmayeur et du tunnel, avec le confort d&rsquo;un h\u00f4tel 3 \u00e9toiles. Un paradis pour le ski, la randonn\u00e9e, le sport et la d\u00e9tente, face \u00e0 la plus belle montagne d&rsquo;Europe.<\/p>\t\t\t\t\t\t\t\t<\/div>\n\t\t\t\t<\/div>\n\t\t\t\t<div class=\"elementor-element elementor-element-4ef2155 elementor-align-center elementor-widget elementor-widget-button\" data-id=\"4ef2155\" data-element_type=\"widget\" data-e-type=\"widget\" data-widget_type=\"button.default\">\n\t\t\t\t<div class=\"elementor-widget-container\">\n\t\t\t\t\t\t\t\t\t<div class=\"elementor-button-wrapper\">\n\t\t\t\t\t<a class=\"elementor-button elementor-button-link elementor-size-sm\" href=\"https:\/\/www.secure-reservation.cloud\/booking-engine\/?portal=hotelaigle-courmayeur&#038;lang=en\" target=\"_blank\" id=\"grid-parallax-button-1\">\n\t\t\t\t\t\t<span class=\"elementor-button-content-wrapper\">\n\t\t\t\t\t\t\t\t\t<span class=\"elementor-button-text\">R\u00c9SERVATION<\/span>\n\t\t\t\t\t<\/span>\n\t\t\t\t\t<\/a>\n\t\t\t\t<\/div>\n\t\t\t\t\t\t\t\t<\/div>\n\t\t\t\t<\/div>\n\t\t\t\t\t<\/div>\n\t\t<\/div>\n\t\t\t\t\t<\/div>\n\t\t<\/section>\n\t\t\t\t<section class=\"elementor-section elementor-top-section elementor-element elementor-element-65fadeb0 elementor-section-full_width sezione-normal elementor-section-stretched elementor-section-height-default elementor-section-height-default\" data-id=\"65fadeb0\" data-element_type=\"section\" data-e-type=\"section\" data-settings=\"{&quot;background_background&quot;:&quot;classic&quot;,&quot;stretch_section&quot;:&quot;section-stretched&quot;}\">\n\t\t\t\t\t\t<div class=\"elementor-container elementor-column-gap-no\">\n\t\t\t\t\t<div class=\"elementor-column elementor-col-50 elementor-top-column elementor-element elementor-element-41210d8c column-left\" data-id=\"41210d8c\" data-element_type=\"column\" data-e-type=\"column\">\n\t\t\t<div class=\"elementor-widget-wrap elementor-element-populated\">\n\t\t\t\t\t\t<div class=\"elementor-element elementor-element-349c7959 text-normal elementor-widget elementor-widget-heading\" data-id=\"349c7959\" data-element_type=\"widget\" data-e-type=\"widget\" data-widget_type=\"heading.default\">\n\t\t\t\t<div class=\"elementor-widget-container\">\n\t\t\t\t\t<h3 class=\"elementor-heading-title elementor-size-default\">Nos services en un coup d'\u0153il<\/h3>\t\t\t\t<\/div>\n\t\t\t\t<\/div>\n\t\t\t\t<div class=\"elementor-element elementor-element-6e3d2291 text-normal elementor-widget elementor-widget-text-editor\" data-id=\"6e3d2291\" data-element_type=\"widget\" data-e-type=\"widget\" data-widget_type=\"text-editor.default\">\n\t\t\t\t<div class=\"elementor-widget-container\">\n\t\t\t\t\t\t\t\t\t<ul><li>Parking gratuit<\/li><li>Restaurant<\/li><li>Prestation petit d\u00e9jeuner<\/li><li>Caf\u00e9<\/li><li>Wifi gratuit<\/li><li>S\u00fbr<\/li><li>Grand jardin<\/li><li>Sauna<\/li><\/ul>\t\t\t\t\t\t\t\t<\/div>\n\t\t\t\t<\/div>\n\t\t\t\t\t<\/div>\n\t\t<\/div>\n\t\t\t\t<div class=\"elementor-column elementor-col-50 elementor-top-column elementor-element elementor-element-3a39395d\" data-id=\"3a39395d\" data-element_type=\"column\" data-e-type=\"column\">\n\t\t\t<div class=\"elementor-widget-wrap elementor-element-populated\">\n\t\t\t\t\t\t<div class=\"elementor-element elementor-element-6f37b84e text-normal elementor-widget elementor-widget-text-editor\" data-id=\"6f37b84e\" data-element_type=\"widget\" data-e-type=\"widget\" data-widget_type=\"text-editor.default\">\n\t\t\t\t<div class=\"elementor-widget-container\">\n\t\t\t\t\t\t\t\t\t<ul><li>Grand jardin<\/li><li>Webcam<\/li><li>Local \u00e0 skis et chaussures<\/li><li>Local \u00e0 v\u00e9los avec outils de r\u00e9paration de base<\/li><li>Espace d&rsquo;information avec informations mat\u00e9rielles et touristiques<\/li><\/ul><p>En hiver, les animaux ne sont pas admis.<br \/>Chiens accept\u00e9s uniquement l&rsquo;\u00e9t\u00e9 sur rendez-vous et avec un suppl\u00e9ment journalier (pour les chats ou autres animaux domestiques, nous r\u00e9fl\u00e9chissons de temps en temps)<\/p>\t\t\t\t\t\t\t\t<\/div>\n\t\t\t\t<\/div>\n\t\t\t\t\t<\/div>\n\t\t<\/div>\n\t\t\t\t\t<\/div>\n\t\t<\/section>\n\t\t\t\t<\/div>\n\t\t","protected":false},"excerpt":{"rendered":"<p>L&rsquo;H\u00f4tel Aigle aujourd&rsquo;hui Nous avons commenc\u00e9 notre aventure en 2000 dans ce qui \u00e9tait alors \u00ab l&rsquo;ancien \u00bb H\u00f4tel Aigle, o\u00f9 nous avons accueilli des milliers de clients au fil des ann\u00e9es. En 2019, nous avons d\u00e9cid\u00e9 qu&rsquo;il \u00e9tait temps de faire quelques travaux pour rendre notre maison plus confortable, &hellip;<\/p>\n","protected":false},"author":2,"featured_media":12541,"parent":0,"menu_order":3,"comment_status":"closed","ping_status":"closed","template":"","meta":{"footnotes":""},"class_list":["post-12807","page","type-page","status-publish","has-post-thumbnail","hentry"],"_links":{"self":[{"href":"https:\/\/www.hotelaigle.it\/fr\/wp-json\/wp\/v2\/pages\/12807","targetHints":{"allow":["GET"]}}],"collection":[{"href":"https:\/\/www.hotelaigle.it\/fr\/wp-json\/wp\/v2\/pages"}],"about":[{"href":"https:\/\/www.hotelaigle.it\/fr\/wp-json\/wp\/v2\/types\/page"}],"author":[{"embeddable":true,"href":"https:\/\/www.hotelaigle.it\/fr\/wp-json\/wp\/v2\/users\/2"}],"replies":[{"embeddable":true,"href":"https:\/\/www.hotelaigle.it\/fr\/wp-json\/wp\/v2\/comments?post=12807"}],"version-history":[{"count":13,"href":"https:\/\/www.hotelaigle.it\/fr\/wp-json\/wp\/v2\/pages\/12807\/revisions"}],"predecessor-version":[{"id":12830,"href":"https:\/\/www.hotelaigle.it\/fr\/wp-json\/wp\/v2\/pages\/12807\/revisions\/12830"}],"wp:featuredmedia":[{"embeddable":true,"href":"https:\/\/www.hotelaigle.it\/fr\/wp-json\/wp\/v2\/media\/12541"}],"wp:attachment":[{"href":"https:\/\/www.hotelaigle.it\/fr\/wp-json\/wp\/v2\/media?parent=12807"}],"curies":[{"name":"wp","href":"https:\/\/api.w.org\/{rel}","templated":true}]}}