{"id":12610,"date":"2024-02-29T16:34:58","date_gmt":"2024-02-29T15:34:58","guid":{"rendered":"https:\/\/www.hotelaigle.it\/?page_id=12610"},"modified":"2024-02-29T16:43:53","modified_gmt":"2024-02-29T15:43:53","slug":"carte","status":"publish","type":"page","link":"https:\/\/www.hotelaigle.it\/fr\/prestations-de-service\/carte\/","title":{"rendered":"Carte"},"content":{"rendered":"\t\t<div data-elementor-type=\"wp-page\" data-elementor-id=\"12610\" class=\"elementor elementor-12610 elementor-11202\">\n\t\t\t\t\t\t<section class=\"elementor-section elementor-top-section elementor-element elementor-element-478f0bbb elementor-section-stretched sezione-impact elementor-section-full_width elementor-section-content-middle elementor-section-height-default elementor-section-height-default\" data-id=\"478f0bbb\" data-element_type=\"section\" data-e-type=\"section\" data-settings=\"{&quot;stretch_section&quot;:&quot;section-stretched&quot;}\">\n\t\t\t\t\t\t<div class=\"elementor-container elementor-column-gap-no\">\n\t\t\t\t\t<div class=\"elementor-column elementor-col-100 elementor-top-column elementor-element elementor-element-41fa1183\" data-id=\"41fa1183\" data-element_type=\"column\" data-e-type=\"column\">\n\t\t\t<div class=\"elementor-widget-wrap elementor-element-populated\">\n\t\t\t\t\t\t<div class=\"elementor-element elementor-element-555aa44d text-impact elementor-widget elementor-widget-text-editor\" data-id=\"555aa44d\" data-element_type=\"widget\" data-e-type=\"widget\" data-widget_type=\"text-editor.default\">\n\t\t\t\t<div class=\"elementor-widget-container\">\n\t\t\t\t\t\t\t\t\t<h3>L&rsquo;H\u00f4tel Aigle est le lieu id\u00e9al pour vos vacances!<\/h3><p>L&rsquo;H\u00f4tel Aigle est situ\u00e9 \u00e0 Entr\u00e8ves, un village m\u00e9di\u00e9val datant du XIIIe si\u00e8cle situ\u00e9 sur les pentes du Mont Blanc, \u00e0 l&rsquo;extr\u00e9mit\u00e9 ouest de la Vall\u00e9e d&rsquo;Aoste dont il est le dernier \u00e9tablissement, \u00e0 seulement 2,5 km en amont de Courmayeur.<\/p>\t\t\t\t\t\t\t\t<\/div>\n\t\t\t\t<\/div>\n\t\t\t\t<div class=\"elementor-element elementor-element-1fa191a elementor-widget elementor-widget-image\" data-id=\"1fa191a\" data-element_type=\"widget\" data-e-type=\"widget\" data-widget_type=\"image.default\">\n\t\t\t\t<div class=\"elementor-widget-container\">\n\t\t\t\t\t\t\t\t\t\t\t\t<figure class=\"wp-caption\">\n\t\t\t\t\t\t\t\t\t\t<img fetchpriority=\"high\" decoding=\"async\" width=\"1024\" height=\"519\" src=\"https:\/\/www.hotelaigle.it\/wp-content\/uploads\/2024\/01\/mappa-hotel-aigle-\u00a92024-1024x519.png\" class=\"attachment-large size-large wp-image-10940\" alt=\"\" srcset=\"https:\/\/www.hotelaigle.it\/wp-content\/uploads\/2024\/01\/mappa-hotel-aigle-\u00a92024-1024x519.png 1024w, https:\/\/www.hotelaigle.it\/wp-content\/uploads\/2024\/01\/mappa-hotel-aigle-\u00a92024-300x152.png 300w, https:\/\/www.hotelaigle.it\/wp-content\/uploads\/2024\/01\/mappa-hotel-aigle-\u00a92024-768x389.png 768w, https:\/\/www.hotelaigle.it\/wp-content\/uploads\/2024\/01\/mappa-hotel-aigle-\u00a92024-1536x778.png 1536w, https:\/\/www.hotelaigle.it\/wp-content\/uploads\/2024\/01\/mappa-hotel-aigle-\u00a92024-2048x1037.png 2048w, https:\/\/www.hotelaigle.it\/wp-content\/uploads\/2024\/01\/mappa-hotel-aigle-\u00a92024-494x250.png 494w\" sizes=\"(max-width: 1024px) 100vw, 1024px\" \/>\t\t\t\t\t\t\t\t\t\t\t<figcaption class=\"widget-image-caption wp-caption-text\">Dans cette carte simplifi\u00e9e, d\u00e9couvrez les principaux points d'int\u00e9r\u00eat en termes de paysage, de nature, de sport, de bien-\u00eatre et de services \u00e0 proximit\u00e9 imm\u00e9diate de notre h\u00f4tel. L'H\u00f4tel Aigle est le lieu id\u00e9al pour vos vacances \u00e0 la montagne ! D\u00e9tente, sport, nature, \u00e9motions.<\/figcaption>\n\t\t\t\t\t\t\t\t\t\t<\/figure>\n\t\t\t\t\t\t\t\t\t<\/div>\n\t\t\t\t<\/div>\n\t\t\t\t<div class=\"elementor-element elementor-element-3f79c48 elementor-widget elementor-widget-heading\" data-id=\"3f79c48\" data-element_type=\"widget\" data-e-type=\"widget\" data-widget_type=\"heading.default\">\n\t\t\t\t<div class=\"elementor-widget-container\">\n\t\t\t\t\t<h2 class=\"elementor-heading-title elementor-size-default\">Alors, on est \u00e0 Courmayeur ?<\/h2>\t\t\t\t<\/div>\n\t\t\t\t<\/div>\n\t\t\t\t<section class=\"elementor-section elementor-inner-section elementor-element elementor-element-4a3765b elementor-section-boxed elementor-section-height-default elementor-section-height-default\" data-id=\"4a3765b\" data-element_type=\"section\" data-e-type=\"section\">\n\t\t\t\t\t\t<div class=\"elementor-container elementor-column-gap-default\">\n\t\t\t\t\t<div class=\"elementor-column elementor-col-50 elementor-inner-column elementor-element elementor-element-6b4f101\" data-id=\"6b4f101\" data-element_type=\"column\" data-e-type=\"column\">\n\t\t\t<div class=\"elementor-widget-wrap elementor-element-populated\">\n\t\t\t\t\t\t<div class=\"elementor-element elementor-element-447a8c7 elementor-widget elementor-widget-text-editor\" data-id=\"447a8c7\" data-element_type=\"widget\" data-e-type=\"widget\" data-widget_type=\"text-editor.default\">\n\t\t\t\t<div class=\"elementor-widget-container\">\n\t\t\t\t\t\t\t\t\t<p>Absolument oui!<\/p><p>Entr\u00e8ves est une fraction de la commune de Courmayeur, dont elle se trouve \u00e0 2,5 km. Il offre l&rsquo;avantage d&rsquo;\u00eatre au pied du Mont Blanc, dans une position panoramique unique et la possibilit\u00e9 de rejoindre le centre historique de Courmayeur en quelques minutes seulement. Pour ceux qui viennent de la ville, cela \u00e9quivaut \u00e0 vivre dans un petit paradis \u00e0 deux pas du centre.<\/p>\t\t\t\t\t\t\t\t<\/div>\n\t\t\t\t<\/div>\n\t\t\t\t\t<\/div>\n\t\t<\/div>\n\t\t\t\t<div class=\"elementor-column elementor-col-50 elementor-inner-column elementor-element elementor-element-204dc3d\" data-id=\"204dc3d\" data-element_type=\"column\" data-e-type=\"column\">\n\t\t\t<div class=\"elementor-widget-wrap elementor-element-populated\">\n\t\t\t\t\t\t<div class=\"elementor-element elementor-element-705125d elementor-widget elementor-widget-text-editor\" data-id=\"705125d\" data-element_type=\"widget\" data-e-type=\"widget\" data-widget_type=\"text-editor.default\">\n\t\t\t\t<div class=\"elementor-widget-container\">\n\t\t\t\t\t\t\t\t\t<p>Absolument pas!<\/p><p>Entr\u00e8ves est un village m\u00e9di\u00e9val \u00e0 lui seul, m\u00eame s&rsquo;il fait partie de la commune de Courmayeur ; il a sa propre identit\u00e9 et des caract\u00e9ristiques uniques, en premier lieu la tranquillit\u00e9, la proximit\u00e9 des vall\u00e9es (accessibles \u00e0 pied depuis la ville) et l&rsquo;aspect typique et intact d&rsquo;un village m\u00e9di\u00e9val du XIVe si\u00e8cle.<\/p>\t\t\t\t\t\t\t\t<\/div>\n\t\t\t\t<\/div>\n\t\t\t\t\t<\/div>\n\t\t<\/div>\n\t\t\t\t\t<\/div>\n\t\t<\/section>\n\t\t\t\t<div class=\"elementor-element elementor-element-f5d06d8 elementor-widget-divider--view-line elementor-widget elementor-widget-divider\" data-id=\"f5d06d8\" data-element_type=\"widget\" data-e-type=\"widget\" data-widget_type=\"divider.default\">\n\t\t\t\t<div class=\"elementor-widget-container\">\n\t\t\t\t\t\t\t<div class=\"elementor-divider\">\n\t\t\t<span class=\"elementor-divider-separator\">\n\t\t\t\t\t\t<\/span>\n\t\t<\/div>\n\t\t\t\t\t\t<\/div>\n\t\t\t\t<\/div>\n\t\t\t\t<section class=\"elementor-section elementor-inner-section elementor-element elementor-element-9a4fec2 elementor-section-boxed elementor-section-height-default elementor-section-height-default\" data-id=\"9a4fec2\" data-element_type=\"section\" data-e-type=\"section\">\n\t\t\t\t\t\t<div class=\"elementor-container elementor-column-gap-default\">\n\t\t\t\t\t<div class=\"elementor-column elementor-col-50 elementor-inner-column elementor-element elementor-element-6e7a500\" data-id=\"6e7a500\" data-element_type=\"column\" data-e-type=\"column\">\n\t\t\t<div class=\"elementor-widget-wrap elementor-element-populated\">\n\t\t\t\t\t\t<div class=\"elementor-element elementor-element-d962ea2 elementor-widget elementor-widget-text-editor\" data-id=\"d962ea2\" data-element_type=\"widget\" data-e-type=\"widget\" data-widget_type=\"text-editor.default\">\n\t\t\t\t<div class=\"elementor-widget-container\">\n\t\t\t\t\t\t\t\t\t<h5>Notre environnement en bref :<\/h5><ul><li>Deux magnifiques vall\u00e9es verdoyantes l&rsquo;\u00e9t\u00e9 et enneig\u00e9es l&rsquo;hiver (Val Ferret et Val Veny)<\/li><li>Vues \u00e0 couper le souffle<\/li><li>Des kilom\u00e8tres de sentiers de montagne<\/li><li>Notre village m\u00e9di\u00e9val d&rsquo;Entr\u00e8ves (13\u00e8me si\u00e8cle)<\/li><li>Embarquement pour le t\u00e9l\u00e9ph\u00e9rique moderne SkyWay, porte d&rsquo;entr\u00e9e vers les 3462 m\u00e8tres de Punta Helbronner<\/li><li>Trois t\u00e9l\u00e9ph\u00e9riques pour acc\u00e9der au grand domaine skiable de Courmayeur<\/li><li>Location de mat\u00e9riel de ski alpinisme, ski de fond, raquettes<\/li><li>Arr\u00eats de la navette municipale (pour les vall\u00e9es et pour Courmayeur) \u00e0 quelques m\u00e8tres de notre h\u00f4tel<\/li><\/ul>\t\t\t\t\t\t\t\t<\/div>\n\t\t\t\t<\/div>\n\t\t\t\t\t<\/div>\n\t\t<\/div>\n\t\t\t\t<div class=\"elementor-column elementor-col-50 elementor-inner-column elementor-element elementor-element-c4b0aa7\" data-id=\"c4b0aa7\" data-element_type=\"column\" data-e-type=\"column\">\n\t\t\t<div class=\"elementor-widget-wrap elementor-element-populated\">\n\t\t\t\t\t\t<div class=\"elementor-element elementor-element-7d0b4e8 elementor-widget elementor-widget-text-editor\" data-id=\"7d0b4e8\" data-element_type=\"widget\" data-e-type=\"widget\" data-widget_type=\"text-editor.default\">\n\t\t\t\t<div class=\"elementor-widget-container\">\n\t\t\t\t\t\t\t\t\t<ul><li>Palais de glace pour patiner et escalader<\/li><li>Courmayeur avec sa rue pleine de boutiques et de possibilit\u00e9s de visiter des boutiques et des lieux \u00e9l\u00e9gants et historiques<\/li><li>Spa du Pr\u00e9 Saint Didier<\/li><li>Le tunnel du Mont Blanc pour rejoindre Chamonix et la France en quelques minutes<\/li><li>et de nombreuses activit\u00e9s inspir\u00e9es de la vie en plein air et de la montagne \u00e0 pratiquer \u00e9t\u00e9 comme hiver (rafting, trekking, VTT, escalade, alpinisme, ski-alpinisme, ski alpin, ski de fond, balades sur neige fra\u00eeche en raquettes)<\/li><\/ul><p>\u00cates-vous pr\u00eat \u00e0 en savoir plus ?<br \/>Cliquez ici &gt;&gt;&gt; <span style=\"text-decoration: underline;\"><a href=\"https:\/\/www.hotelaigle.it\/andiamo\/\"><strong>ALLONS-Y!<\/strong><\/a><\/span> &lt;&lt;&lt; Cliquez ici<\/p>\t\t\t\t\t\t\t\t<\/div>\n\t\t\t\t<\/div>\n\t\t\t\t\t<\/div>\n\t\t<\/div>\n\t\t\t\t\t<\/div>\n\t\t<\/section>\n\t\t\t\t<div class=\"elementor-element elementor-element-f7f8ceb elementor-widget-divider--view-line elementor-widget elementor-widget-divider\" data-id=\"f7f8ceb\" data-element_type=\"widget\" data-e-type=\"widget\" data-widget_type=\"divider.default\">\n\t\t\t\t<div class=\"elementor-widget-container\">\n\t\t\t\t\t\t\t<div class=\"elementor-divider\">\n\t\t\t<span class=\"elementor-divider-separator\">\n\t\t\t\t\t\t<\/span>\n\t\t<\/div>\n\t\t\t\t\t\t<\/div>\n\t\t\t\t<\/div>\n\t\t\t\t<div class=\"elementor-element elementor-element-d3a2778 elementor-widget elementor-widget-text-editor\" data-id=\"d3a2778\" data-element_type=\"widget\" data-e-type=\"widget\" data-widget_type=\"text-editor.default\">\n\t\t\t\t<div class=\"elementor-widget-container\">\n\t\t\t\t\t\t\t\t\t<p style=\"text-align: center;\">Si vous souhaitez v\u00e9rifier la disponibilit\u00e9 de nos chambres, conna\u00eetre le prix par type de chambre et par date, et effectuer votre r\u00e9servation, vous pouvez le faire directement avec nous en cliquant sur le bouton ci-dessous.<\/p>\t\t\t\t\t\t\t\t<\/div>\n\t\t\t\t<\/div>\n\t\t\t\t<div class=\"elementor-element elementor-element-1d5f84b elementor-align-center elementor-widget elementor-widget-button\" data-id=\"1d5f84b\" data-element_type=\"widget\" data-e-type=\"widget\" data-widget_type=\"button.default\">\n\t\t\t\t<div class=\"elementor-widget-container\">\n\t\t\t\t\t\t\t\t\t<div class=\"elementor-button-wrapper\">\n\t\t\t\t\t<a class=\"elementor-button elementor-button-link elementor-size-lg\" href=\"https:\/\/www.secure-reservation.cloud\/booking-engine\/?portal=hotelaigle-courmayeur&#038;lang=it\" target=\"_blank\">\n\t\t\t\t\t\t<span class=\"elementor-button-content-wrapper\">\n\t\t\t\t\t\t\t\t\t<span class=\"elementor-button-text\">R\u00c9SERVER UNE CHAMBRE \u00c0 L'H\u00d4TEL AIGLE<\/span>\n\t\t\t\t\t<\/span>\n\t\t\t\t\t<\/a>\n\t\t\t\t<\/div>\n\t\t\t\t\t\t\t\t<\/div>\n\t\t\t\t<\/div>\n\t\t\t\t\t<\/div>\n\t\t<\/div>\n\t\t\t\t\t<\/div>\n\t\t<\/section>\n\t\t\t\t<section class=\"elementor-section elementor-top-section elementor-element elementor-element-65fadeb0 elementor-section-full_width sezione-normal elementor-section-stretched elementor-section-height-default elementor-section-height-default\" data-id=\"65fadeb0\" data-element_type=\"section\" data-e-type=\"section\" data-settings=\"{&quot;background_background&quot;:&quot;classic&quot;,&quot;stretch_section&quot;:&quot;section-stretched&quot;}\">\n\t\t\t\t\t\t<div class=\"elementor-container elementor-column-gap-no\">\n\t\t\t\t\t<div class=\"elementor-column elementor-col-50 elementor-top-column elementor-element elementor-element-41210d8c column-left\" data-id=\"41210d8c\" data-element_type=\"column\" data-e-type=\"column\">\n\t\t\t<div class=\"elementor-widget-wrap elementor-element-populated\">\n\t\t\t\t\t\t<div class=\"elementor-element elementor-element-349c7959 text-normal elementor-widget elementor-widget-heading\" data-id=\"349c7959\" data-element_type=\"widget\" data-e-type=\"widget\" data-widget_type=\"heading.default\">\n\t\t\t\t<div class=\"elementor-widget-container\">\n\t\t\t\t\t<h3 class=\"elementor-heading-title elementor-size-default\">Nos services en un coup d'\u0153il :<\/h3>\t\t\t\t<\/div>\n\t\t\t\t<\/div>\n\t\t\t\t<div class=\"elementor-element elementor-element-6e3d2291 text-normal elementor-widget elementor-widget-text-editor\" data-id=\"6e3d2291\" data-element_type=\"widget\" data-e-type=\"widget\" data-widget_type=\"text-editor.default\">\n\t\t\t\t<div class=\"elementor-widget-container\">\n\t\t\t\t\t\t\t\t\t<ul><li>Parking gratuit r\u00e9serv\u00e9 aux clients de l&rsquo;h\u00f4tel<\/li><li>Restaurant<\/li><li>Petit-d\u00e9jeuner buffet<\/li><li>Caf\u00e9-bar<\/li><li>Wifi gratuit<\/li><li>S\u00fbr<\/li><li>Grand jardin<\/li><li>Sauna<\/li><\/ul>\t\t\t\t\t\t\t\t<\/div>\n\t\t\t\t<\/div>\n\t\t\t\t\t<\/div>\n\t\t<\/div>\n\t\t\t\t<div class=\"elementor-column elementor-col-50 elementor-top-column elementor-element elementor-element-3a39395d\" data-id=\"3a39395d\" data-element_type=\"column\" data-e-type=\"column\">\n\t\t\t<div class=\"elementor-widget-wrap elementor-element-populated\">\n\t\t\t\t\t\t<div class=\"elementor-element elementor-element-6f37b84e text-normal elementor-widget elementor-widget-text-editor\" data-id=\"6f37b84e\" data-element_type=\"widget\" data-e-type=\"widget\" data-widget_type=\"text-editor.default\">\n\t\t\t\t<div class=\"elementor-widget-container\">\n\t\t\t\t\t\t\t\t\t<ul><li>Webcam de l&rsquo;h\u00f4tel<\/li><li>Local int\u00e9rieur pour ranger le mat\u00e9riel de ski et de v\u00e9lo<\/li><li>Outils de base pour l&rsquo;entretien et la r\u00e9paration des v\u00e9los<\/li><li>Tableau d&rsquo;affichage avec une grande collection de mat\u00e9riel d&rsquo;information papier<\/li><\/ul><p>En hiver, les animaux ne sont pas admis.<br \/>Chiens accept\u00e9s uniquement l&rsquo;\u00e9t\u00e9 sur rendez-vous et avec un suppl\u00e9ment journalier (pour les chats ou autres animaux domestiques, nous r\u00e9fl\u00e9chissons de temps en temps)<\/p>\t\t\t\t\t\t\t\t<\/div>\n\t\t\t\t<\/div>\n\t\t\t\t\t<\/div>\n\t\t<\/div>\n\t\t\t\t\t<\/div>\n\t\t<\/section>\n\t\t\t\t<\/div>\n\t\t","protected":false},"excerpt":{"rendered":"<p>L&rsquo;H\u00f4tel Aigle est le lieu id\u00e9al pour vos vacances! L&rsquo;H\u00f4tel Aigle est situ\u00e9 \u00e0 Entr\u00e8ves, un village m\u00e9di\u00e9val datant du XIIIe si\u00e8cle situ\u00e9 sur les pentes du Mont Blanc, \u00e0 l&rsquo;extr\u00e9mit\u00e9 ouest de la Vall\u00e9e d&rsquo;Aoste dont il est le dernier \u00e9tablissement, \u00e0 seulement 2,5 km en amont de Courmayeur. &hellip;<\/p>\n","protected":false},"author":2,"featured_media":12541,"parent":12585,"menu_order":3,"comment_status":"closed","ping_status":"closed","template":"","meta":{"footnotes":""},"class_list":["post-12610","page","type-page","status-publish","has-post-thumbnail","hentry"],"_links":{"self":[{"href":"https:\/\/www.hotelaigle.it\/fr\/wp-json\/wp\/v2\/pages\/12610","targetHints":{"allow":["GET"]}}],"collection":[{"href":"https:\/\/www.hotelaigle.it\/fr\/wp-json\/wp\/v2\/pages"}],"about":[{"href":"https:\/\/www.hotelaigle.it\/fr\/wp-json\/wp\/v2\/types\/page"}],"author":[{"embeddable":true,"href":"https:\/\/www.hotelaigle.it\/fr\/wp-json\/wp\/v2\/users\/2"}],"replies":[{"embeddable":true,"href":"https:\/\/www.hotelaigle.it\/fr\/wp-json\/wp\/v2\/comments?post=12610"}],"version-history":[{"count":4,"href":"https:\/\/www.hotelaigle.it\/fr\/wp-json\/wp\/v2\/pages\/12610\/revisions"}],"predecessor-version":[{"id":12614,"href":"https:\/\/www.hotelaigle.it\/fr\/wp-json\/wp\/v2\/pages\/12610\/revisions\/12614"}],"up":[{"embeddable":true,"href":"https:\/\/www.hotelaigle.it\/fr\/wp-json\/wp\/v2\/pages\/12585"}],"wp:featuredmedia":[{"embeddable":true,"href":"https:\/\/www.hotelaigle.it\/fr\/wp-json\/wp\/v2\/media\/12541"}],"wp:attachment":[{"href":"https:\/\/www.hotelaigle.it\/fr\/wp-json\/wp\/v2\/media?parent=12610"}],"curies":[{"name":"wp","href":"https:\/\/api.w.org\/{rel}","templated":true}]}}